{"id":1885,"date":"2024-02-25T22:11:16","date_gmt":"2024-02-25T21:11:16","guid":{"rendered":"https:\/\/castleresidencebalaton.hu\/?page_id=1885"},"modified":"2024-08-02T00:15:55","modified_gmt":"2024-08-01T22:15:55","slug":"aszf","status":"publish","type":"page","link":"https:\/\/castleresidencebalaton.hu\/en\/aszf\/","title":{"rendered":"ASZF"},"content":{"rendered":"<div data-elementor-type=\"wp-page\" data-elementor-id=\"1885\" class=\"elementor elementor-1885\" data-elementor-post-type=\"page\">\n\t\t\t\t\t\t<section class=\"elementor-section elementor-top-section elementor-element elementor-element-d6fc4bb elementor-section-boxed elementor-section-height-default elementor-section-height-default\" data-id=\"d6fc4bb\" data-element_type=\"section\">\n\t\t\t\t\t\t<div class=\"elementor-container elementor-column-gap-default\">\n\t\t\t\t\t<div class=\"elementor-column elementor-col-100 elementor-top-column elementor-element elementor-element-047505c\" data-id=\"047505c\" data-element_type=\"column\">\n\t\t\t<div class=\"elementor-widget-wrap elementor-element-populated\">\n\t\t\t\t\t\t<div class=\"elementor-element elementor-element-d0118b9 elementor-widget elementor-widget-heading\" data-id=\"d0118b9\" data-element_type=\"widget\" data-widget_type=\"heading.default\">\n\t\t\t\t<div class=\"elementor-widget-container\">\n\t\t\t<style>\/*! elementor - v3.19.0 - 29-01-2024 *\/\n.elementor-heading-title{padding:0;margin:0;line-height:1}.elementor-widget-heading .elementor-heading-title[class*=elementor-size-]>a{color:inherit;font-size:inherit;line-height:inherit}.elementor-widget-heading .elementor-heading-title.elementor-size-small{font-size:15px}.elementor-widget-heading .elementor-heading-title.elementor-size-medium{font-size:19px}.elementor-widget-heading .elementor-heading-title.elementor-size-large{font-size:29px}.elementor-widget-heading .elementor-heading-title.elementor-size-xl{font-size:39px}.elementor-widget-heading .elementor-heading-title.elementor-size-xxl{font-size:59px}<\/style><h2 class=\"elementor-heading-title elementor-size-default\">\u00c1ltal\u00e1nos szerz\u0151d\u00e9si felt\u00e9teleink<\/h2>\t\t<\/div>\n\t\t\t\t<\/div>\n\t\t\t\t<div class=\"elementor-element elementor-element-c627a3f elementor-widget elementor-widget-text-editor\" data-id=\"c627a3f\" data-element_type=\"widget\" data-widget_type=\"text-editor.default\">\n\t\t\t\t<div class=\"elementor-widget-container\">\n\t\t\t<style>\/*! elementor - v3.19.0 - 29-01-2024 *\/\n.elementor-widget-text-editor.elementor-drop-cap-view-stacked .elementor-drop-cap{background-color:#69727d;color:#fff}.elementor-widget-text-editor.elementor-drop-cap-view-framed .elementor-drop-cap{color:#69727d;border:3px solid;background-color:transparent}.elementor-widget-text-editor:not(.elementor-drop-cap-view-default) .elementor-drop-cap{margin-top:8px}.elementor-widget-text-editor:not(.elementor-drop-cap-view-default) .elementor-drop-cap-letter{width:1em;height:1em}.elementor-widget-text-editor .elementor-drop-cap{float:left;text-align:center;line-height:1;font-size:50px}.elementor-widget-text-editor .elementor-drop-cap-letter{display:inline-block}<\/style>\t\t\t\t<ol><li>\u00c1ltal\u00e1nos rendelkez\u00e9sek<br \/><ul><li>Az \u00c1ltal\u00e1nos Szerz\u0151d\u00e9ses Felt\u00e9telek (tov\u00e1bbiakban \u00c1SZF) azt a szerz\u0151d\u00e9ses tartalmat foglalj\u00e1k \u00f6ssze, melyek alapj\u00e1n a Glux Kft. (8621 Zam\u00e1rdi Pet\u0151fi utca 16. Ad\u00f3sz\u00e1m: 14237128-2-14 telefon: +36703860330\u00a0<a href=\"mailto:gluxkft@gmail.com\">gluxkft@gmail.com<\/a>, k\u00e9pviseli L\u00e1z\u00e1r-\u00dcski Annam\u00e1ria \u00fcgyvezet\u0151, (a tov\u00e1bbiakban Szolg\u00e1ltat\u00f3) \u00e1ltal\u00e1noss\u00e1gban elsz\u00e1ll\u00e1sol\u00e1si szerz\u0151d\u00e9st k\u00f6t Vend\u00e9geivel.<\/li><li>Egyedi felt\u00e9telek nem k\u00e9pezik a r\u00e9sz\u00e9t jelen \u00c1SZF-nek, de nem z\u00e1rj\u00e1k ki k\u00fcl\u00f6n, speci\u00e1lis meg\u00e1llapod\u00e1sok k\u00f6t\u00e9s\u00e9t utaz\u00e1sk\u00f6zvet\u00edt\u0151kkel, szervez\u0151kkel, esetenk\u00e9nt m\u00e1sm\u00e1s, az adott \u00fczletnek megfelel\u0151 felt\u00e9telekkel.<\/li><\/ul><\/li><li>Szerz\u0151d\u0151 felek<ul><li>A Szolg\u00e1ltat\u00f3 \u00e1ltal ny\u00fajtott szolg\u00e1ltat\u00e1sokat a Vend\u00e9g veszi ig\u00e9nybe. Ha a szolg\u00e1ltat\u00e1sokra vonatkoz\u00f3 megrendel\u00e9st a Vend\u00e9g k\u00f6zvetlen\u00fcl a Szolg\u00e1ltat\u00f3nak adja le, \u00fagy a Vend\u00e9g lesz a Szerz\u0151d\u0151 f\u00e9l. A Szolg\u00e1ltat\u00f3 \u00e9s a Vend\u00e9g egy\u00fcttesen, amennyiben a felt\u00e9telek teljes\u00fclnek, szerz\u0151d\u00e9ses felekk\u00e9 v\u00e1lnak (tov\u00e1bbiakban: Felek).<\/li><li>Ha a szolg\u00e1ltat\u00e1sokra vonatkoz\u00f3 megrendel\u00e9st a Vend\u00e9g megb\u00edz\u00e1s\u00e1b\u00f3l egy harmadik szem\u00e9ly (tov\u00e1bbiakban K\u00f6zvet\u00edt\u0151) adja le a Szolg\u00e1ltat\u00f3nak, az egy\u00fcttm\u0171k\u00f6d\u00e9s felt\u00e9teleit a Szolg\u00e1ltat\u00f3 \u00e9s a K\u00f6zvet\u00edt\u0151 k\u00f6z\u00f6tti meg\u00e1llapod\u00e1s szab\u00e1lyozza. Ebben az esetben a Szolg\u00e1ltat\u00f3 nem k\u00f6teles vizsg\u00e1lni, hogy a harmadik szem\u00e9ly jogszer\u0171en k\u00e9pviseli-e a Vend\u00e9get.<\/li><\/ul><\/li><li>A szolg\u00e1ltat\u00e1s ig\u00e9nybev\u00e9tel\u00e9nek m\u00f3dja \u00e9s felt\u00e9telei<ul><li>A Vend\u00e9g sz\u00f3beli vagy \u00edr\u00e1sbeli aj\u00e1nlatk\u00e9r\u00e9s\u00e9re a Szolg\u00e1ltat\u00f3 \u00edr\u00e1sbeli aj\u00e1nlatot vagy ideiglenes foglal\u00e1si igazol\u00e1st k\u00fcld. Amennyiben az aj\u00e1nlat elk\u00fcld\u00e9s\u00e9t\u0151l sz\u00e1m\u00edtott 48 \u00f3r\u00e1n bel\u00fcl nem \u00e9rkezik konkr\u00e9t megrendel\u00e9s, \u00fagy a Szolg\u00e1ltat\u00f3 aj\u00e1nlati k\u00f6t\u00f6tts\u00e9ge megsz\u0171nik.<\/li><li>A Szerz\u0151d\u00e9s a Vend\u00e9g \u00edr\u00e1sban leadott foglal\u00e1s\u00e1nak a Szolg\u00e1ltat\u00f3 \u00e1ltali \u00edr\u00e1sban megk\u00fcld\u00f6tt visszaigazol\u00e1s\u00e1val j\u00f6n l\u00e9tre, \u00e9s \u00edgy \u00edr\u00e1sban megk\u00f6t\u00f6tt Szerz\u0151d\u00e9snek min\u0151s\u00fcl. A foglal\u00e1s el\u0151leg fizet\u00e9ssel v\u00e1lik garant\u00e1ltt\u00e1.<\/li><li>A sz\u00e1ll\u00e1s-szolg\u00e1ltat\u00e1s ig\u00e9nybev\u00e9tel\u00e9r\u0151l sz\u00f3l\u00f3 Szerz\u0151d\u00e9s meghat\u00e1rozott id\u0151tartamra sz\u00f3l.<\/li><li>Ha a Vend\u00e9g a meghat\u00e1rozott id\u0151tartam lej\u00e1rta el\u0151tt v\u00e9glegesen elhagyja a szob\u00e1t, a Szolg\u00e1ltat\u00f3 jogosult a Szerz\u0151d\u00e9sben kik\u00f6t\u00f6tt szolg\u00e1ltat\u00e1s teljes ellen\u00e9rt\u00e9k\u00e9re. A lej\u00e1rati id\u0151 el\u0151tt meg\u00fcresedett szob\u00e1t a Szolg\u00e1ltat\u00f3 jogosult \u00fajra \u00e9rt\u00e9kes\u00edteni.<\/li><li>A sz\u00e1ll\u00e1s-szolg\u00e1ltat\u00e1s ig\u00e9nybev\u00e9tel\u00e9nek Vend\u00e9g \u00e1ltal kezdem\u00e9nyezett meghosszabb\u00edt\u00e1s\u00e1hoz a Szolg\u00e1ltat\u00f3 el\u0151zetes hozz\u00e1j\u00e1rul\u00e1sa sz\u00fcks\u00e9ges. Ebben az esetben a Szolg\u00e1ltat\u00f3 kik\u00f6theti a m\u00e1r teljes\u00edtett szolg\u00e1ltat\u00e1s d\u00edj\u00e1nak megt\u00e9r\u00edt\u00e9s\u00e9t.<\/li><li>A sz\u00e1ll\u00e1s-szolg\u00e1ltat\u00e1s ig\u00e9nybev\u00e9tel\u00e9nek felt\u00e9tele, hogy a Vend\u00e9gek szem\u00e9lyazonoss\u00e1gukat \u00e9rv\u00e9nyes a t\u00f6rv\u00e9nyes el\u0151\u00edr\u00e1soknak megfelel\u0151 okm\u00e1nyok valamelyik\u00e9vel a szoba elfoglal\u00e1sa el\u0151tt igazolj\u00e1k. A sz\u00e1llod\u00e1ban bejelent\u00e9s n\u00e9lk\u00fcl senki sem lakhat.<\/li><li>Elhelyez\u00e9si garancia: Amennyiben a Sz\u00e1ll\u00e1sad\u00f3 a szob\u00e1t saj\u00e1t hib\u00e1j\u00e1b\u00f3l (pl.\u00a0 ideiglenes \u00fczemeltet\u00e9si probl\u00e9m\u00e1k, stb.) nem tudja biztos\u00edtani, a k\u00f6teles a le nem lakott napok d\u00edjainak m\u00e9rt\u00e9k\u00e9ig vissza t\u00e9r\u00edteni. Amennyiben a Sz\u00e1ll\u00e1sad\u00f3 ezen k\u00f6telezetts\u00e9g\u00e9nek marad\u00e9ktalanul eleget tesz, ut\u00f3lagos k\u00e1rt\u00e9r\u00edt\u00e9si ig\u00e9nnyel a Szerz\u0151d\u0151 f\u00e9l nem \u00e9lhet.<\/li><\/ul><\/li><li>Az elsz\u00e1ll\u00e1sol\u00e1s kezdet\u00e9t \u00e9s v\u00e9g\u00e9t a mindenkori h\u00e1zirend szab\u00e1lyozza.<ul><li>A Szolg\u00e1ltat\u00f3nak abban az esetben, ha a Vend\u00e9g nem jelenik meg a meg\u00e1llapod\u00e1s szerinti nap 18.00 \u00f3r\u00e1ig, joga van arra, hogy visszal\u00e9pjen a szerz\u0151d\u00e9st\u0151l kiv\u00e9ve, ha k\u00e9s\u0151bbi \u00e9rkez\u00e9si id\u0151pont ker\u00fclt kik\u00f6t\u00e9sre.<\/li><li>Amennyiben a h\u00e1zirend megs\u00e9rt\u00e9se megval\u00f3sul, \u00fagy a vend\u00e9g k\u00f6teles elhagyni a sz\u00e1ll\u00e1st, a le nem lakott sz\u00e1ll\u00e1sd\u00edj visszat\u00e9r\u00edt\u00e9se n\u00e9lk\u00fcl.<\/li><li>A vend\u00e9g jogosult kor\u00e1bbi t\u00e1voz\u00e1sra, de az \u00e1tvett \u00e9s kifizetett szob\u00e1k le nem lakott sz\u00e1ll\u00e1sd\u00edj\u00e1t nem t\u00e9r\u00edtj\u00fck vissza<\/li><\/ul><\/li><li>Amennyiben a Vend\u00e9g a szob\u00e1j\u00e1t a bejelentkez\u00e9skor a t\u00e1voz\u00e1s napjak\u00e9nt felt\u00fcntetett napon 10.30 \u00f3r\u00e1ig nem \u00fcr\u00edti ki \u00e9s a tart\u00f3zkod\u00e1s meghosszabb\u00edt\u00e1s\u00e1hoz a Szolg\u00e1ltat\u00f3 el\u0151zetesen nem j\u00e1rult hozz\u00e1, \u00fagy a Szolg\u00e1ltat\u00f3 jogosult a szoba\u00e1rat egy tov\u00e1bbi napra is kisz\u00e1ml\u00e1zni \u00e9s ezzel egyidej\u0171leg a Szolg\u00e1ltat\u00f3 szolg\u00e1ltat\u00e1si k\u00f6telezetts\u00e9ge is megsz\u0171nik.<\/li><li>\u00c1rak<ul><li>A sz\u00e1lloda alapszolg\u00e1ltat\u00e1sk\u00e9nt sz\u00e1ll\u00e1st k\u00edn\u00e1l ell\u00e1t\u00e1s n\u00e9lk\u00fcl. A sz\u00e1lloda mindenkori lista\u00e1rai a weboldalon megtal\u00e1lhat\u00f3k.<\/li><li>A Szolg\u00e1ltat\u00f3 a meghirdetett \u00e1rait el\u0151zetes bejelent\u00e9s n\u00e9lk\u00fcl (p\u00e9ld\u00e1ul: csomag\u00e1rak vagy egy\u00e9b kedvezm\u00e9nyek ok\u00e1n) megv\u00e1ltoztathatja. Amennyiben a Vend\u00e9g sz\u00e1ll\u00e1st foglalt \u00e9s azt a Szolg\u00e1ltat\u00f3 \u00edr\u00e1sban visszaigazolta, \u00fagy ezen a sz\u00e1ll\u00e1s\u00e1ron a Szolg\u00e1ltat\u00f3 m\u00e1r nem v\u00e1ltoztathat.<\/li><li>Az \u00e1rak k\u00f6zl\u00e9sekor a Szolg\u00e1ltat\u00f3 megjel\u00f6li az \u00e1rak ad\u00f3tartalm\u00e1nak (\u00c1FA, IFA) aj\u00e1nlatt\u00e9telkor \u00e9rv\u00e9nyes, t\u00f6rv\u00e9ny \u00e1ltal szab\u00e1lyozott m\u00e9rt\u00e9k\u00e9t. A k\u00f6zz\u00e9tett \u00e1rak tartalmazz\u00e1k a t\u00f6rv\u00e9nyben meghat\u00e1rozott \u00c1FA-t, nem tartalmazz\u00e1k azonban az idegenforgalmi ad\u00f3t, amit a helysz\u00ednen kell megfizetni. A Szolg\u00e1ltat\u00f3 a hat\u00e1lyos ad\u00f3-t\u00f6rv\u00e9ny (\u00c1FA, IFA) m\u00f3dosul\u00e1sa miatti t\u00f6bblet terheket, el\u0151zetes \u00e9rtes\u00edt\u00e9s mellett, \u00e1th\u00e1r\u00edtja a Szerz\u0151d\u0151 f\u00e9lre.<\/li><\/ul><\/li><li>Lemond\u00e1si felt\u00e9telek<ul><li>Szobafoglal\u00e1s\u00e1t, melyet el\u0151leg fizet\u00e9s\u00e9vel biztos\u00edtott mely minimum a sz\u00e1ll\u00e1sd\u00edj 20 %-a \u00e9s a foglal\u00e1st\u00f3l sz\u00e1m\u00edtott 3 napon bel\u00fcl esed\u00e9kes, lemondhatja a k\u00f6vetkez\u0151 hat\u00e1rid\u0151k betart\u00e1s\u00e1val:<\/li><li>\u00c9rkez\u00e9s el\u0151tt 14 napig a foglal\u00e1s d\u00edjmentesen lemondhat\u00f3 vagy m\u00f3dos\u00edthat\u00f3 .Ig\u00e9ny eset\u00e9n a befizetett el\u0151leg visszautal\u00e1sra ker\u00fcl.(750 Ft utal\u00e1si d\u00edjat levonunk!)<\/li><li>\u00c9rkez\u00e9si d\u00e1tum m\u00f3dos\u00edt\u00e1sa eset\u00e9n az el\u0151leg \u00e1truh\u00e1zhat\u00f3, vagy \u00e1ttehet\u0151 a foglal\u00e1s m\u00e1sik id\u0151pontra adott szezonon bel\u00fcl.<\/li><li>T\u00e1j\u00e9koztatjuk kedves Vend\u00e9geinket, hogy SZ\u00c9P k\u00e1rty\u00e1s el\u0151legeket nem \u00e1ll m\u00f3dunkban visszautalni lemond\u00e1s eset\u00e9n, (lemond\u00e1si hat\u00e1rid\u0151t\u0151l f\u00fcggetlen\u00fcl) mivel ezt jogszab\u00e1ly hat\u00e1rozza meg \u00e9s foglal\u00f3nak min\u0151s\u00fcl. Ez\u00e9rt ha Sz\u00e9p k\u00e1rty\u00e1val utal el\u0151tte mindenk\u00e9ppen gondolja \u00e1t hogy biztosan meg fog \u00e9rkezni, mert csak m\u00e1sik id\u0151pontot tudunk felaj\u00e1nlani a foglal\u00f3 fej\u00e9ben!<\/li><li>14-0 nap k\u00f6z\u00f6tti lemond\u00e1s, \u00e9rkez\u00e9si d\u00e1tum m\u00f3dos\u00edt\u00e1s vagy meg nem \u00e9rkez\u00e9s eset\u00e9n a befizetett el\u0151leg adminisztr\u00e1ci\u00f3s d\u00edjk\u00e9nt megtart\u00e1sra ker\u00fcl.<\/li><li>Ha a Szerz\u0151d\u0151 f\u00e9l a sz\u00e1ll\u00e1s szolg\u00e1ltat\u00e1sok ig\u00e9nybev\u00e9tel\u00e9t el\u0151legfizet\u00e9ssel biztos\u00edtotta, \u00e9s az \u00e9rkez\u00e9si napon nem \u00e9rkezik meg (\u00edr\u00e1sos lemond\u00e1s nem \u00e9rkezik hat\u00e1rid\u0151n bel\u00fcl), a Szolg\u00e1ltat\u00f3 a Szerz\u0151d\u00e9sben meghat\u00e1rozott m\u00e9rt\u00e9k\u0171 megfizetett el\u0151leg teljes \u00f6sszeg\u00e9t k\u00f6tb\u00e9rk\u00e9nt \u00e9rv\u00e9nyes\u00edti.\u00a0<\/li><li>A kifizetett de le nem lakott sz\u00e1ll\u00e1sd\u00edjakat nem t\u00e9r\u00edtj\u00fck vissza a szoba \u00e1tv\u00e9tele ut\u00e1n<\/li><\/ul><\/li><li>Fizet\u00e9s m\u00f3dja, garancia<br \/>A foglal\u00e1s foglal\u00f3 fizet\u00e9s\u00e9vel v\u00e1lik v\u00e9glegess\u00e9. Ennek \u00f6sszege minimum a sz\u00e1ll\u00e1sd\u00edj 20%-a, mely utalva (Glux Kft, 22222222-35437206), online fizetve vagy k\u00e9szp\u00e9nzben a helysz\u00ednen is fizethet\u0151 a foglal\u00e1st\u00f3l sz\u00e1m\u00edtott 3 napon bel\u00fcl.<br \/>A fennmarad\u00f3 r\u00e9sz a sz\u00e1ll\u00e1s ig\u00e9nybev\u00e9telekor a helysz\u00ednen \u00e9rkez\u00e9skor fizethet\u0151. Az el\u0151leg befizet\u00e9s\u00e9n\u00e9l utal\u00e1skor k\u00e9rj\u00fck felt\u0171ntetni a Vend\u00e9g nev\u00e9t. A megrendelt szolg\u00e1ltat\u00e1sok ellen\u00e9rt\u00e9ke fizethet\u0151 a helysz\u00ednen k\u00e9szp\u00e9nzzel forintban a Szolg\u00e1ltat\u00f3 \u00e1ltal elfogadottk\u00e9nt megjel\u00f6lt bankk\u00e1rty\u00e1val vagy az azt helyettes\u00edt\u0151 cafeteria eszk\u00f6z\u00f6kkel (SZ\u00c9P k\u00e1rtya-OTP; K&amp;H, MKB), illetve \u00e1tutal\u00e1ssal.<\/li><li>Az \u00c1ltal\u00e1nos Szerz\u0151d\u00e9si Felt\u00e9telek elfogad\u00e1s\u00e1val a Vend\u00e9g tudom\u00e1sul veszi \u00e9s elfogadja, hogy a Szolg\u00e1ltat\u00f3 a fizetend\u0151 d\u00edjakr\u00f3l, illetve a vend\u00e9gek \u00e1ltal b\u00e1rmely jogc\u00edmen a Szolg\u00e1ltat\u00f3 r\u00e9sz\u00e9re kifizetett \u00f6sszegr\u0151l sz\u00e1ml\u00e1t \u00e1ll\u00edt ki befizet\u0151 r\u00e9sz\u00e9re. A foglal\u00e1s megt\u00f6rt\u00e9nte ut\u00e1n 1 napon bel\u00fcl a Vend\u00e9g k\u00e9rheti a megadott adatok m\u00f3dos\u00edt\u00e1s\u00e1t, ezt k\u00f6vet\u0151en azonban a m\u00f3dos\u00edt\u00e1s m\u00e1r nem lehets\u00e9ges. A Szolg\u00e1ltat\u00f3 a v\u00e9gsz\u00e1ml\u00e1t a foglal\u00e1skor megadott adatok alapj\u00e1n \u00e1ll\u00edtja ki.<\/li><li>A Vend\u00e9g k\u00f6teles a Szolg\u00e1ltat\u00f3- internetes honlapj\u00e1n \u00e9s a helysz\u00ednen is megtal\u00e1lhat\u00f3 h\u00e1zirendj\u00e9t betartani.<\/li><li>Adatkezel\u00e9sr\u0151l b\u0151vebben a honlapunkon l\u00e9v\u0151 adatkezel\u00e9si szab\u00e1lyzat sz\u00f3l.<\/li><li>Sz\u00e1llod\u00e1nkban a mindenkor aktu\u00e1lis j\u00e1rv\u00e1ny\u00fcgyi szab\u00e1lyoz\u00e1soknak megfelel\u0151en lehet tart\u00f3zkodni.<strong><em>\u00a0<\/em><\/strong><\/li><\/ol>\t\t\t\t\t\t<\/div>\n\t\t\t\t<\/div>\n\t\t\t\t\t<\/div>\n\t\t<\/div>\n\t\t\t\t\t<\/div>\n\t\t<\/section>\n\t\t\t\t<\/div>","protected":false},"excerpt":{"rendered":"<p>\u00c1ltal\u00e1nos szerz\u0151d\u00e9si felt\u00e9teleink \u00c1ltal\u00e1nos rendelkez\u00e9sek Az \u00c1ltal\u00e1nos Szerz\u0151d\u00e9ses Felt\u00e9telek (tov\u00e1bbiakban \u00c1SZF) azt a szerz\u0151d\u00e9ses tartalmat foglalj\u00e1k \u00f6ssze, melyek alapj\u00e1n a Glux Kft. (8621 Zam\u00e1rdi Pet\u0151fi utca 16. Ad\u00f3sz\u00e1m: 14237128-2-14 telefon: +36703860330\u00a0gluxkft@gmail.com, k\u00e9pviseli L\u00e1z\u00e1r-\u00dcski Annam\u00e1ria \u00fcgyvezet\u0151, (a tov\u00e1bbiakban Szolg\u00e1ltat\u00f3) \u00e1ltal\u00e1noss\u00e1gban elsz\u00e1ll\u00e1sol\u00e1si szerz\u0151d\u00e9st k\u00f6t Vend\u00e9geivel. Egyedi felt\u00e9telek nem k\u00e9pezik a r\u00e9sz\u00e9t jelen \u00c1SZF-nek, de nem z\u00e1rj\u00e1k ki [&hellip;]<\/p>","protected":false},"author":1,"featured_media":0,"parent":0,"menu_order":0,"comment_status":"closed","ping_status":"closed","template":"","meta":{"site-sidebar-layout":"no-sidebar","site-content-layout":"page-builder","ast-site-content-layout":"full-width-container","site-content-style":"default","site-sidebar-style":"default","ast-global-header-display":"","ast-banner-title-visibility":"","ast-main-header-display":"","ast-hfb-above-header-display":"","ast-hfb-below-header-display":"","ast-hfb-mobile-header-display":"","site-post-title":"disabled","ast-breadcrumbs-content":"","ast-featured-img":"disabled","footer-sml-layout":"","theme-transparent-header-meta":"","adv-header-id-meta":"","stick-header-meta":"","header-above-stick-meta":"","header-main-stick-meta":"","header-below-stick-meta":"","astra-migrate-meta-layouts":"default","ast-page-background-enabled":"default","ast-page-background-meta":{"desktop":{"background-color":"","background-image":"","background-repeat":"repeat","background-position":"center center","background-size":"auto","background-attachment":"scroll","background-type":"","background-media":"","overlay-type":"","overlay-color":"","overlay-gradient":""},"tablet":{"background-color":"","background-image":"","background-repeat":"repeat","background-position":"center center","background-size":"auto","background-attachment":"scroll","background-type":"","background-media":"","overlay-type":"","overlay-color":"","overlay-gradient":""},"mobile":{"background-color":"","background-image":"","background-repeat":"repeat","background-position":"center center","background-size":"auto","background-attachment":"scroll","background-type":"","background-media":"","overlay-type":"","overlay-color":"","overlay-gradient":""}},"ast-content-background-meta":{"desktop":{"background-color":"var(--ast-global-color-5)","background-image":"","background-repeat":"repeat","background-position":"center center","background-size":"auto","background-attachment":"scroll","background-type":"","background-media":"","overlay-type":"","overlay-color":"","overlay-gradient":""},"tablet":{"background-color":"var(--ast-global-color-5)","background-image":"","background-repeat":"repeat","background-position":"center center","background-size":"auto","background-attachment":"scroll","background-type":"","background-media":"","overlay-type":"","overlay-color":"","overlay-gradient":""},"mobile":{"background-color":"var(--ast-global-color-5)","background-image":"","background-repeat":"repeat","background-position":"center center","background-size":"auto","background-attachment":"scroll","background-type":"","background-media":"","overlay-type":"","overlay-color":"","overlay-gradient":""}},"footnotes":""},"yoast_head":"<!-- This site is optimized with the Yoast SEO plugin v21.8.1 - https:\/\/yoast.com\/wordpress\/plugins\/seo\/ -->\n<title>ASZF - Castle Residence Balaton<\/title>\n<meta name=\"description\" content=\"Legyen sz\u00f3 a b\u0151vebb csal\u00e1ddal val\u00f3 \u00fcnnepl\u00e9sr\u0151l, bar\u00e1tok sz\u00e1m\u00e1ra k\u00f6z\u00f6s \u00e9lm\u00e9nyek szerz\u00e9s\u00e9r\u0151l, csapat\u00e9p\u00edt\u00e9sr\u0151l koll\u00e9g\u00e1kkal vagy azonos hobbinak\/sportnak h\u00f3dol\u00f3 t\u00e1rsas\u00e1ggal val\u00f3 elvonul\u00e1sr\u00f3l, megtal\u00e1lt\u00e1tok a sz\u00e1motokra legmegfelel\u0151bb, zavartalan haszn\u00e1latot biztos\u00edt\u00f3 helysz\u00ednt.\" \/>\n<meta name=\"robots\" content=\"index, follow, max-snippet:-1, max-image-preview:large, max-video-preview:-1\" \/>\n<link rel=\"canonical\" href=\"https:\/\/castleresidencebalaton.hu\/en\/aszf\/\" \/>\n<meta property=\"og:locale\" content=\"en_GB\" \/>\n<meta property=\"og:type\" content=\"article\" \/>\n<meta property=\"og:title\" content=\"ASZF - Castle Residence Balaton\" \/>\n<meta property=\"og:description\" content=\"Legyen sz\u00f3 a b\u0151vebb csal\u00e1ddal val\u00f3 \u00fcnnepl\u00e9sr\u0151l, bar\u00e1tok sz\u00e1m\u00e1ra k\u00f6z\u00f6s \u00e9lm\u00e9nyek szerz\u00e9s\u00e9r\u0151l, csapat\u00e9p\u00edt\u00e9sr\u0151l koll\u00e9g\u00e1kkal vagy azonos hobbinak\/sportnak h\u00f3dol\u00f3 t\u00e1rsas\u00e1ggal val\u00f3 elvonul\u00e1sr\u00f3l, megtal\u00e1lt\u00e1tok a sz\u00e1motokra legmegfelel\u0151bb, zavartalan haszn\u00e1latot biztos\u00edt\u00f3 helysz\u00ednt.\" \/>\n<meta property=\"og:url\" content=\"https:\/\/castleresidencebalaton.hu\/en\/aszf\/\" \/>\n<meta property=\"og:site_name\" content=\"Castle Residence Balaton\" \/>\n<meta property=\"article:publisher\" content=\"https:\/\/www.facebook.com\/profile.php?id=100070423646062\" \/>\n<meta property=\"article:modified_time\" content=\"2024-08-01T22:15:55+00:00\" \/>\n<meta name=\"twitter:card\" content=\"summary_large_image\" \/>\n<meta name=\"twitter:label1\" content=\"Estimated reading time\" \/>\n\t<meta name=\"twitter:data1\" content=\"6 minutes\" \/>\n<script type=\"application\/ld+json\" class=\"yoast-schema-graph\">{\"@context\":\"https:\/\/schema.org\",\"@graph\":[{\"@type\":\"WebPage\",\"@id\":\"https:\/\/castleresidencebalaton.hu\/aszf\/\",\"url\":\"https:\/\/castleresidencebalaton.hu\/aszf\/\",\"name\":\"ASZF - Castle Residence Balaton\",\"isPartOf\":{\"@id\":\"https:\/\/castleresidencebalaton.hu\/#website\"},\"datePublished\":\"2024-02-25T21:11:16+00:00\",\"dateModified\":\"2024-08-01T22:15:55+00:00\",\"description\":\"Legyen sz\u00f3 a b\u0151vebb csal\u00e1ddal val\u00f3 \u00fcnnepl\u00e9sr\u0151l, bar\u00e1tok sz\u00e1m\u00e1ra k\u00f6z\u00f6s \u00e9lm\u00e9nyek szerz\u00e9s\u00e9r\u0151l, csapat\u00e9p\u00edt\u00e9sr\u0151l koll\u00e9g\u00e1kkal vagy azonos hobbinak\/sportnak h\u00f3dol\u00f3 t\u00e1rsas\u00e1ggal val\u00f3 elvonul\u00e1sr\u00f3l, megtal\u00e1lt\u00e1tok a sz\u00e1motokra legmegfelel\u0151bb, zavartalan haszn\u00e1latot biztos\u00edt\u00f3 helysz\u00ednt.\",\"breadcrumb\":{\"@id\":\"https:\/\/castleresidencebalaton.hu\/aszf\/#breadcrumb\"},\"inLanguage\":\"en-GB\",\"potentialAction\":[{\"@type\":\"ReadAction\",\"target\":[\"https:\/\/castleresidencebalaton.hu\/aszf\/\"]}]},{\"@type\":\"BreadcrumbList\",\"@id\":\"https:\/\/castleresidencebalaton.hu\/aszf\/#breadcrumb\",\"itemListElement\":[{\"@type\":\"ListItem\",\"position\":1,\"name\":\"Kezd\u0151lap\",\"item\":\"https:\/\/castleresidencebalaton.hu\/\"},{\"@type\":\"ListItem\",\"position\":2,\"name\":\"ASZF\"}]},{\"@type\":\"WebSite\",\"@id\":\"https:\/\/castleresidencebalaton.hu\/#website\",\"url\":\"https:\/\/castleresidencebalaton.hu\/\",\"name\":\"Castle Residence Balaton\",\"description\":\"Panzi\u00f3 b\u00e9rl\u00e9s a Balatonn\u00e1l\",\"publisher\":{\"@id\":\"https:\/\/castleresidencebalaton.hu\/#organization\"},\"alternateName\":\"Balaton Panzi\u00f3 foglal\u00e1s\",\"potentialAction\":[{\"@type\":\"SearchAction\",\"target\":{\"@type\":\"EntryPoint\",\"urlTemplate\":\"https:\/\/castleresidencebalaton.hu\/?s={search_term_string}\"},\"query-input\":\"required name=search_term_string\"}],\"inLanguage\":\"en-GB\"},{\"@type\":\"Organization\",\"@id\":\"https:\/\/castleresidencebalaton.hu\/#organization\",\"name\":\"Castle Residence Balaton\",\"alternateName\":\"Balaton Panzi\u00f3 foglal\u00e1s\",\"url\":\"https:\/\/castleresidencebalaton.hu\/\",\"logo\":{\"@type\":\"ImageObject\",\"inLanguage\":\"en-GB\",\"@id\":\"https:\/\/castleresidencebalaton.hu\/#\/schema\/logo\/image\/\",\"url\":\"https:\/\/castleresidencebalaton.hu\/wp-content\/uploads\/2022\/12\/castle-residence-balaton_mini.png\",\"contentUrl\":\"https:\/\/castleresidencebalaton.hu\/wp-content\/uploads\/2022\/12\/castle-residence-balaton_mini.png\",\"width\":622,\"height\":623,\"caption\":\"Castle Residence Balaton\"},\"image\":{\"@id\":\"https:\/\/castleresidencebalaton.hu\/#\/schema\/logo\/image\/\"},\"sameAs\":[\"https:\/\/www.facebook.com\/profile.php?id=100070423646062\",\"https:\/\/www.instagram.com\/castleresidence\/?fbclid=IwAR2G5-3yDXiDVrzB7iZ8N0Rer5fUnEH2ADBj0oMXb9jbCbsZ5h55nK2N6KI\"]}]}<\/script>\n<!-- \/ Yoast SEO plugin. -->","yoast_head_json":{"title":"ASZF - Castle Residence Balaton","description":"Legyen sz\u00f3 a b\u0151vebb csal\u00e1ddal val\u00f3 \u00fcnnepl\u00e9sr\u0151l, bar\u00e1tok sz\u00e1m\u00e1ra k\u00f6z\u00f6s \u00e9lm\u00e9nyek szerz\u00e9s\u00e9r\u0151l, csapat\u00e9p\u00edt\u00e9sr\u0151l koll\u00e9g\u00e1kkal vagy azonos hobbinak\/sportnak h\u00f3dol\u00f3 t\u00e1rsas\u00e1ggal val\u00f3 elvonul\u00e1sr\u00f3l, megtal\u00e1lt\u00e1tok a sz\u00e1motokra legmegfelel\u0151bb, zavartalan haszn\u00e1latot biztos\u00edt\u00f3 helysz\u00ednt.","robots":{"index":"index","follow":"follow","max-snippet":"max-snippet:-1","max-image-preview":"max-image-preview:large","max-video-preview":"max-video-preview:-1"},"canonical":"https:\/\/castleresidencebalaton.hu\/en\/aszf\/","og_locale":"en_GB","og_type":"article","og_title":"ASZF - Castle Residence Balaton","og_description":"Legyen sz\u00f3 a b\u0151vebb csal\u00e1ddal val\u00f3 \u00fcnnepl\u00e9sr\u0151l, bar\u00e1tok sz\u00e1m\u00e1ra k\u00f6z\u00f6s \u00e9lm\u00e9nyek szerz\u00e9s\u00e9r\u0151l, csapat\u00e9p\u00edt\u00e9sr\u0151l koll\u00e9g\u00e1kkal vagy azonos hobbinak\/sportnak h\u00f3dol\u00f3 t\u00e1rsas\u00e1ggal val\u00f3 elvonul\u00e1sr\u00f3l, megtal\u00e1lt\u00e1tok a sz\u00e1motokra legmegfelel\u0151bb, zavartalan haszn\u00e1latot biztos\u00edt\u00f3 helysz\u00ednt.","og_url":"https:\/\/castleresidencebalaton.hu\/en\/aszf\/","og_site_name":"Castle Residence Balaton","article_publisher":"https:\/\/www.facebook.com\/profile.php?id=100070423646062","article_modified_time":"2024-08-01T22:15:55+00:00","twitter_card":"summary_large_image","twitter_misc":{"Estimated reading time":"6 minutes"},"schema":{"@context":"https:\/\/schema.org","@graph":[{"@type":"WebPage","@id":"https:\/\/castleresidencebalaton.hu\/aszf\/","url":"https:\/\/castleresidencebalaton.hu\/aszf\/","name":"ASZF - Castle Residence Balaton","isPartOf":{"@id":"https:\/\/castleresidencebalaton.hu\/#website"},"datePublished":"2024-02-25T21:11:16+00:00","dateModified":"2024-08-01T22:15:55+00:00","description":"Legyen sz\u00f3 a b\u0151vebb csal\u00e1ddal val\u00f3 \u00fcnnepl\u00e9sr\u0151l, bar\u00e1tok sz\u00e1m\u00e1ra k\u00f6z\u00f6s \u00e9lm\u00e9nyek szerz\u00e9s\u00e9r\u0151l, csapat\u00e9p\u00edt\u00e9sr\u0151l koll\u00e9g\u00e1kkal vagy azonos hobbinak\/sportnak h\u00f3dol\u00f3 t\u00e1rsas\u00e1ggal val\u00f3 elvonul\u00e1sr\u00f3l, megtal\u00e1lt\u00e1tok a sz\u00e1motokra legmegfelel\u0151bb, zavartalan haszn\u00e1latot biztos\u00edt\u00f3 helysz\u00ednt.","breadcrumb":{"@id":"https:\/\/castleresidencebalaton.hu\/aszf\/#breadcrumb"},"inLanguage":"en-GB","potentialAction":[{"@type":"ReadAction","target":["https:\/\/castleresidencebalaton.hu\/aszf\/"]}]},{"@type":"BreadcrumbList","@id":"https:\/\/castleresidencebalaton.hu\/aszf\/#breadcrumb","itemListElement":[{"@type":"ListItem","position":1,"name":"Kezd\u0151lap","item":"https:\/\/castleresidencebalaton.hu\/"},{"@type":"ListItem","position":2,"name":"ASZF"}]},{"@type":"WebSite","@id":"https:\/\/castleresidencebalaton.hu\/#website","url":"https:\/\/castleresidencebalaton.hu\/","name":"Castle Residence Balaton","description":"Panzi\u00f3 b\u00e9rl\u00e9s a Balatonn\u00e1l","publisher":{"@id":"https:\/\/castleresidencebalaton.hu\/#organization"},"alternateName":"Balaton Panzi\u00f3 foglal\u00e1s","potentialAction":[{"@type":"SearchAction","target":{"@type":"EntryPoint","urlTemplate":"https:\/\/castleresidencebalaton.hu\/?s={search_term_string}"},"query-input":"required name=search_term_string"}],"inLanguage":"en-GB"},{"@type":"Organization","@id":"https:\/\/castleresidencebalaton.hu\/#organization","name":"Castle Residence Balaton","alternateName":"Balaton Panzi\u00f3 foglal\u00e1s","url":"https:\/\/castleresidencebalaton.hu\/","logo":{"@type":"ImageObject","inLanguage":"en-GB","@id":"https:\/\/castleresidencebalaton.hu\/#\/schema\/logo\/image\/","url":"https:\/\/castleresidencebalaton.hu\/wp-content\/uploads\/2022\/12\/castle-residence-balaton_mini.png","contentUrl":"https:\/\/castleresidencebalaton.hu\/wp-content\/uploads\/2022\/12\/castle-residence-balaton_mini.png","width":622,"height":623,"caption":"Castle Residence Balaton"},"image":{"@id":"https:\/\/castleresidencebalaton.hu\/#\/schema\/logo\/image\/"},"sameAs":["https:\/\/www.facebook.com\/profile.php?id=100070423646062","https:\/\/www.instagram.com\/castleresidence\/?fbclid=IwAR2G5-3yDXiDVrzB7iZ8N0Rer5fUnEH2ADBj0oMXb9jbCbsZ5h55nK2N6KI"]}]}},"_links":{"self":[{"href":"https:\/\/castleresidencebalaton.hu\/en\/wp-json\/wp\/v2\/pages\/1885"}],"collection":[{"href":"https:\/\/castleresidencebalaton.hu\/en\/wp-json\/wp\/v2\/pages"}],"about":[{"href":"https:\/\/castleresidencebalaton.hu\/en\/wp-json\/wp\/v2\/types\/page"}],"author":[{"embeddable":true,"href":"https:\/\/castleresidencebalaton.hu\/en\/wp-json\/wp\/v2\/users\/1"}],"replies":[{"embeddable":true,"href":"https:\/\/castleresidencebalaton.hu\/en\/wp-json\/wp\/v2\/comments?post=1885"}],"version-history":[{"count":7,"href":"https:\/\/castleresidencebalaton.hu\/en\/wp-json\/wp\/v2\/pages\/1885\/revisions"}],"predecessor-version":[{"id":1940,"href":"https:\/\/castleresidencebalaton.hu\/en\/wp-json\/wp\/v2\/pages\/1885\/revisions\/1940"}],"wp:attachment":[{"href":"https:\/\/castleresidencebalaton.hu\/en\/wp-json\/wp\/v2\/media?parent=1885"}],"curies":[{"name":"wp","href":"https:\/\/api.w.org\/{rel}","templated":true}]}}