{"id":1394,"date":"2023-01-25T13:21:58","date_gmt":"2023-01-25T12:21:58","guid":{"rendered":"https:\/\/castleresidencebalaton.hu\/?page_id=1394"},"modified":"2024-02-22T09:33:54","modified_gmt":"2024-02-22T08:33:54","slug":"gyik","status":"publish","type":"page","link":"https:\/\/castleresidencebalaton.hu\/de\/gyik\/","title":{"rendered":"GYIK \u00e9s H\u00e1zirend"},"content":{"rendered":"<div data-elementor-type=\"wp-page\" data-elementor-id=\"1394\" class=\"elementor elementor-1394\" data-elementor-post-type=\"page\">\n\t\t\t\t\t\t<section class=\"elementor-section elementor-top-section elementor-element elementor-element-713f1f9 elementor-section-height-min-height elementor-section-boxed elementor-section-height-default elementor-section-items-middle\" data-id=\"713f1f9\" data-element_type=\"section\" data-settings=\"{&quot;background_background&quot;:&quot;classic&quot;}\">\n\t\t\t\t\t\t\t<div class=\"elementor-background-overlay\"><\/div>\n\t\t\t\t\t\t\t<div class=\"elementor-container elementor-column-gap-no\">\n\t\t\t\t\t<div class=\"elementor-column elementor-col-100 elementor-top-column elementor-element elementor-element-c4a1af2\" data-id=\"c4a1af2\" data-element_type=\"column\">\n\t\t\t<div class=\"elementor-widget-wrap elementor-element-populated\">\n\t\t\t\t\t\t<div class=\"elementor-element elementor-element-19e1127 elementor-widget elementor-widget-heading\" data-id=\"19e1127\" data-element_type=\"widget\" data-widget_type=\"heading.default\">\n\t\t\t\t<div class=\"elementor-widget-container\">\n\t\t\t<style>\/*! elementor - v3.19.0 - 29-01-2024 *\/\n.elementor-heading-title{padding:0;margin:0;line-height:1}.elementor-widget-heading .elementor-heading-title[class*=elementor-size-]>a{color:inherit;font-size:inherit;line-height:inherit}.elementor-widget-heading .elementor-heading-title.elementor-size-small{font-size:15px}.elementor-widget-heading .elementor-heading-title.elementor-size-medium{font-size:19px}.elementor-widget-heading .elementor-heading-title.elementor-size-large{font-size:29px}.elementor-widget-heading .elementor-heading-title.elementor-size-xl{font-size:39px}.elementor-widget-heading .elementor-heading-title.elementor-size-xxl{font-size:59px}<\/style><h1 class=\"elementor-heading-title elementor-size-default\">H\u00e4ufig gestellte Fragen<\/h1>\t\t<\/div>\n\t\t\t\t<\/div>\n\t\t\t\t<div class=\"elementor-element elementor-element-9fb2c84 elementor-widget elementor-widget-heading\" data-id=\"9fb2c84\" data-element_type=\"widget\" data-widget_type=\"heading.default\">\n\t\t\t\t<div class=\"elementor-widget-container\">\n\t\t\t<h1 class=\"elementor-heading-title elementor-size-default\">H\u00e1zirend<\/h1>\t\t<\/div>\n\t\t\t\t<\/div>\n\t\t\t\t\t<\/div>\n\t\t<\/div>\n\t\t\t\t\t<\/div>\n\t\t<\/section>\n\t\t\t\t<section class=\"elementor-section elementor-top-section elementor-element elementor-element-981f107 elementor-section-boxed elementor-section-height-default elementor-section-height-default\" data-id=\"981f107\" data-element_type=\"section\">\n\t\t\t\t\t\t<div class=\"elementor-container elementor-column-gap-default\">\n\t\t\t\t\t<div class=\"elementor-column elementor-col-100 elementor-top-column elementor-element elementor-element-e31c67f\" data-id=\"e31c67f\" data-element_type=\"column\">\n\t\t\t<div class=\"elementor-widget-wrap\">\n\t\t\t\t\t\t\t<\/div>\n\t\t<\/div>\n\t\t\t\t\t<\/div>\n\t\t<\/section>\n\t\t\t\t<section class=\"elementor-section elementor-top-section elementor-element elementor-element-aef2543 elementor-section-boxed elementor-section-height-default elementor-section-height-default\" data-id=\"aef2543\" data-element_type=\"section\">\n\t\t\t\t\t\t<div class=\"elementor-container elementor-column-gap-default\">\n\t\t\t\t\t<div class=\"elementor-column elementor-col-100 elementor-top-column elementor-element elementor-element-a9ab2e7\" data-id=\"a9ab2e7\" data-element_type=\"column\">\n\t\t\t<div class=\"elementor-widget-wrap elementor-element-populated\">\n\t\t\t\t\t\t<div class=\"elementor-element elementor-element-d7748eb elementor-widget elementor-widget-html\" data-id=\"d7748eb\" data-element_type=\"widget\" data-widget_type=\"html.default\">\n\t\t\t\t<div class=\"elementor-widget-container\">\n\t\t\t<script>\r\njQuery(document).ready(function($) {\r\nvar delay = 100; setTimeout(function() {\r\n$('.elementor-tab-title').removeClass('elementor-active');\r\n $('.elementor-tab-content').css('display', 'none'); }, delay);\r\n});\r\n<\/script>\t\t<\/div>\n\t\t\t\t<\/div>\n\t\t\t\t<div class=\"elementor-element elementor-element-0824cd7 elementor-widget elementor-widget-heading\" data-id=\"0824cd7\" data-element_type=\"widget\" data-widget_type=\"heading.default\">\n\t\t\t\t<div class=\"elementor-widget-container\">\n\t\t\t<h2 class=\"elementor-heading-title elementor-size-default\">HGF<\/h2>\t\t<\/div>\n\t\t\t\t<\/div>\n\t\t\t\t<div class=\"elementor-element elementor-element-c060309 elementor-widget elementor-widget-accordion\" data-id=\"c060309\" data-element_type=\"widget\" data-widget_type=\"accordion.default\">\n\t\t\t\t<div class=\"elementor-widget-container\">\n\t\t\t<style>\/*! elementor - v3.19.0 - 29-01-2024 *\/\n.elementor-accordion{text-align:left}.elementor-accordion .elementor-accordion-item{border:1px solid #d5d8dc}.elementor-accordion .elementor-accordion-item+.elementor-accordion-item{border-top:none}.elementor-accordion .elementor-tab-title{margin:0;padding:15px 20px;font-weight:700;line-height:1;cursor:pointer;outline:none}.elementor-accordion .elementor-tab-title .elementor-accordion-icon{display:inline-block;width:1.5em}.elementor-accordion .elementor-tab-title .elementor-accordion-icon svg{width:1em;height:1em}.elementor-accordion .elementor-tab-title .elementor-accordion-icon.elementor-accordion-icon-right{float:right;text-align:right}.elementor-accordion .elementor-tab-title .elementor-accordion-icon.elementor-accordion-icon-left{float:left;text-align:left}.elementor-accordion .elementor-tab-title .elementor-accordion-icon .elementor-accordion-icon-closed{display:block}.elementor-accordion .elementor-tab-title .elementor-accordion-icon .elementor-accordion-icon-opened,.elementor-accordion .elementor-tab-title.elementor-active .elementor-accordion-icon-closed{display:none}.elementor-accordion .elementor-tab-title.elementor-active .elementor-accordion-icon-opened{display:block}.elementor-accordion .elementor-tab-content{display:none;padding:15px 20px;border-top:1px solid #d5d8dc}@media (max-width:767px){.elementor-accordion .elementor-tab-title{padding:12px 15px}.elementor-accordion .elementor-tab-title .elementor-accordion-icon{width:1.2em}.elementor-accordion .elementor-tab-content{padding:7px 15px}}.e-con-inner>.elementor-widget-accordion,.e-con>.elementor-widget-accordion{width:var(--container-widget-width);--flex-grow:var(--container-widget-flex-grow)}<\/style>\t\t<div class=\"elementor-accordion\">\n\t\t\t\t\t\t\t<div class=\"elementor-accordion-item\">\n\t\t\t\t\t<div id=\"elementor-tab-title-2011\" class=\"elementor-tab-title\" data-tab=\"1\" role=\"button\" aria-controls=\"elementor-tab-content-2011\" aria-expanded=\"false\">\n\t\t\t\t\t\t\t\t\t\t\t\t\t<span class=\"elementor-accordion-icon elementor-accordion-icon-right\" aria-hidden=\"true\">\n\t\t\t\t\t\t\t\t\t\t\t\t\t\t\t<span class=\"elementor-accordion-icon-closed\"><i class=\"fas fa-angle-down\"><\/i><\/span>\n\t\t\t\t\t\t\t\t<span class=\"elementor-accordion-icon-opened\"><i class=\"fas fa-minus\"><\/i><\/span>\n\t\t\t\t\t\t\t\t\t\t\t\t\t\t<\/span>\n\t\t\t\t\t\t\t\t\t\t\t\t<a class=\"elementor-accordion-title\" tabindex=\"0\">Mikort\u00f3l \u00e9rkezhet\u00fcnk \u00e9s mikor kell t\u00e1vozni?<\/a>\n\t\t\t\t\t<\/div>\n\t\t\t\t\t<div id=\"elementor-tab-content-2011\" class=\"elementor-tab-content elementor-clearfix\" data-tab=\"1\" role=\"region\" aria-labelledby=\"elementor-tab-title-2011\"><p>A szob\u00e1kat \u00e9rkez\u00e9si napon 14:00 \u00f3r\u00e1t\u00f3l vehetitek \u00e1t \u00e9s a t\u00e1voz\u00e1s napj\u00e1n k\u00e9rj\u00fck 10:00-ig elhagyni. El\u0151zetes egyeztet\u00e9s ut\u00e1n ett\u0151l elt\u00e9rhet\u00fcnk. <img decoding=\"async\" class=\"alignnone size-full wp-image-1411\" src=\"https:\/\/castleresidencebalaton.hu\/wp-content\/uploads\/2023\/01\/erktav.png\" alt=\"\" width=\"47\" height=\"40\" srcset=\"https:\/\/castleresidencebalaton.hu\/wp-content\/uploads\/2023\/01\/erktav.png 47w, https:\/\/castleresidencebalaton.hu\/wp-content\/uploads\/2023\/01\/erktav-14x12.png 14w\" sizes=\"(max-width: 47px) 100vw, 47px\" \/> \u00a0<\/p><\/div>\n\t\t\t\t<\/div>\n\t\t\t\t\t\t\t<div class=\"elementor-accordion-item\">\n\t\t\t\t\t<div id=\"elementor-tab-title-2012\" class=\"elementor-tab-title\" data-tab=\"2\" role=\"button\" aria-controls=\"elementor-tab-content-2012\" aria-expanded=\"false\">\n\t\t\t\t\t\t\t\t\t\t\t\t\t<span class=\"elementor-accordion-icon elementor-accordion-icon-right\" aria-hidden=\"true\">\n\t\t\t\t\t\t\t\t\t\t\t\t\t\t\t<span class=\"elementor-accordion-icon-closed\"><i class=\"fas fa-angle-down\"><\/i><\/span>\n\t\t\t\t\t\t\t\t<span class=\"elementor-accordion-icon-opened\"><i class=\"fas fa-minus\"><\/i><\/span>\n\t\t\t\t\t\t\t\t\t\t\t\t\t\t<\/span>\n\t\t\t\t\t\t\t\t\t\t\t\t<a class=\"elementor-accordion-title\" tabindex=\"0\">M\u00fcssen wir Alltagsgegenst\u00e4nde mitbringen?<\/a>\n\t\t\t\t\t<\/div>\n\t\t\t\t\t<div id=\"elementor-tab-content-2012\" class=\"elementor-tab-content elementor-clearfix\" data-tab=\"2\" role=\"region\" aria-labelledby=\"elementor-tab-title-2012\"><p>Nein, ohne Anspruch auf Vollst\u00e4ndigkeit ist alles vorhanden: Handt\u00fccher, Bettw\u00e4sche, Besteck, Gl\u00e4ser, Toilettenpapier, Handdesinfektionsmittel, F\u00f6hn, Kleiderb\u00fcgel, B\u00fcgeleisen und Erste-Hilfe-Set. <img decoding=\"async\" class=\"alignnone size-full wp-image-1398\" src=\"https:\/\/castleresidencebalaton.hu\/wp-content\/uploads\/2023\/01\/targyak.png\" alt=\"\" width=\"220\" height=\"100\" srcset=\"https:\/\/castleresidencebalaton.hu\/wp-content\/uploads\/2023\/01\/targyak.png 220w, https:\/\/castleresidencebalaton.hu\/wp-content\/uploads\/2023\/01\/targyak-18x8.png 18w\" sizes=\"(max-width: 220px) 100vw, 220px\" \/><\/p><\/div>\n\t\t\t\t<\/div>\n\t\t\t\t\t\t\t<div class=\"elementor-accordion-item\">\n\t\t\t\t\t<div id=\"elementor-tab-title-2013\" class=\"elementor-tab-title\" data-tab=\"3\" role=\"button\" aria-controls=\"elementor-tab-content-2013\" aria-expanded=\"false\">\n\t\t\t\t\t\t\t\t\t\t\t\t\t<span class=\"elementor-accordion-icon elementor-accordion-icon-right\" aria-hidden=\"true\">\n\t\t\t\t\t\t\t\t\t\t\t\t\t\t\t<span class=\"elementor-accordion-icon-closed\"><i class=\"fas fa-angle-down\"><\/i><\/span>\n\t\t\t\t\t\t\t\t<span class=\"elementor-accordion-icon-opened\"><i class=\"fas fa-minus\"><\/i><\/span>\n\t\t\t\t\t\t\t\t\t\t\t\t\t\t<\/span>\n\t\t\t\t\t\t\t\t\t\t\t\t<a class=\"elementor-accordion-title\" tabindex=\"0\">Kann man in der Unterkunft essen?<\/a>\n\t\t\t\t\t<\/div>\n\t\t\t\t\t<div id=\"elementor-tab-content-2013\" class=\"elementor-tab-content elementor-clearfix\" data-tab=\"3\" role=\"region\" aria-labelledby=\"elementor-tab-title-2013\"><p>Van \u00f6nell\u00e1t\u00e1sra is lehet\u0151s\u00e9g, f\u0151szezonban reggeli is ig\u00e9nyelhet\u0151 illetve a k\u00f6rny\u00e9ken nagyon sok \u00e9tterem, k\u00e1v\u00e9z\u00f3 \u00e9s pizz\u00e9ria is tal\u00e1lhat\u00f3. \u00c9telek meleg\u00edt\u00e9s\u00e9hez rendelkez\u00e9sre \u00e1ll egy mikrohull\u00e1m\u00fa s\u00fct\u0151 is. A szob\u00e1kban kis h\u0171t\u0151 tal\u00e1lhat\u00f3, melyben a napi h\u0171t\u00e9sre szorul\u00f3 \u00e9telek, italok t\u00e1rolhat\u00f3k. T\u00f6bb bolt p\u00e1r percen bel\u00fcl el\u00e9rhet\u0151 \u2013 Aldi, Spar, Kik, Pepco, Rossman, gy\u00f3gyszert\u00e1r, Tesco express.<\/p><\/div>\n\t\t\t\t<\/div>\n\t\t\t\t\t\t\t<div class=\"elementor-accordion-item\">\n\t\t\t\t\t<div id=\"elementor-tab-title-2014\" class=\"elementor-tab-title\" data-tab=\"4\" role=\"button\" aria-controls=\"elementor-tab-content-2014\" aria-expanded=\"false\">\n\t\t\t\t\t\t\t\t\t\t\t\t\t<span class=\"elementor-accordion-icon elementor-accordion-icon-right\" aria-hidden=\"true\">\n\t\t\t\t\t\t\t\t\t\t\t\t\t\t\t<span class=\"elementor-accordion-icon-closed\"><i class=\"fas fa-angle-down\"><\/i><\/span>\n\t\t\t\t\t\t\t\t<span class=\"elementor-accordion-icon-opened\"><i class=\"fas fa-minus\"><\/i><\/span>\n\t\t\t\t\t\t\t\t\t\t\t\t\t\t<\/span>\n\t\t\t\t\t\t\t\t\t\t\t\t<a class=\"elementor-accordion-title\" tabindex=\"0\">Gibt es am Standort eine Internetverbindung?<\/a>\n\t\t\t\t\t<\/div>\n\t\t\t\t\t<div id=\"elementor-tab-content-2014\" class=\"elementor-tab-content elementor-clearfix\" data-tab=\"4\" role=\"region\" aria-labelledby=\"elementor-tab-title-2014\"><p>Ja, wir bieten in der Pension kostenlosen WLAN-Internetzugang.\u00a0 <img decoding=\"async\" class=\"alignnone size-full wp-image-1399\" src=\"https:\/\/castleresidencebalaton.hu\/wp-content\/uploads\/2023\/01\/wifi.png\" alt=\"\" width=\"40\" height=\"41\" srcset=\"https:\/\/castleresidencebalaton.hu\/wp-content\/uploads\/2023\/01\/wifi.png 40w, https:\/\/castleresidencebalaton.hu\/wp-content\/uploads\/2023\/01\/wifi-12x12.png 12w\" sizes=\"(max-width: 40px) 100vw, 40px\" \/><\/p><\/div>\n\t\t\t\t<\/div>\n\t\t\t\t\t\t\t<div class=\"elementor-accordion-item\">\n\t\t\t\t\t<div id=\"elementor-tab-title-2015\" class=\"elementor-tab-title\" data-tab=\"5\" role=\"button\" aria-controls=\"elementor-tab-content-2015\" aria-expanded=\"false\">\n\t\t\t\t\t\t\t\t\t\t\t\t\t<span class=\"elementor-accordion-icon elementor-accordion-icon-right\" aria-hidden=\"true\">\n\t\t\t\t\t\t\t\t\t\t\t\t\t\t\t<span class=\"elementor-accordion-icon-closed\"><i class=\"fas fa-angle-down\"><\/i><\/span>\n\t\t\t\t\t\t\t\t<span class=\"elementor-accordion-icon-opened\"><i class=\"fas fa-minus\"><\/i><\/span>\n\t\t\t\t\t\t\t\t\t\t\t\t\t\t<\/span>\n\t\t\t\t\t\t\t\t\t\t\t\t<a class=\"elementor-accordion-title\" tabindex=\"0\">K\u00f6nnen wir in der N\u00e4he kostenlos parken?<\/a>\n\t\t\t\t\t<\/div>\n\t\t\t\t\t<div id=\"elementor-tab-content-2015\" class=\"elementor-tab-content elementor-clearfix\" data-tab=\"5\" role=\"region\" aria-labelledby=\"elementor-tab-title-2015\"><p>Sie k\u00f6nnen direkt vor der Unterkunft parken, nat\u00fcrlich kostenlos.\u00a0 \u00a0<img loading=\"lazy\" decoding=\"async\" class=\"alignnone size-full wp-image-1403\" src=\"https:\/\/castleresidencebalaton.hu\/wp-content\/uploads\/2023\/01\/parkolas.png\" alt=\"\" width=\"40\" height=\"40\" srcset=\"https:\/\/castleresidencebalaton.hu\/wp-content\/uploads\/2023\/01\/parkolas.png 40w, https:\/\/castleresidencebalaton.hu\/wp-content\/uploads\/2023\/01\/parkolas-12x12.png 12w\" sizes=\"(max-width: 40px) 100vw, 40px\" \/><\/p><\/div>\n\t\t\t\t<\/div>\n\t\t\t\t\t\t\t<div class=\"elementor-accordion-item\">\n\t\t\t\t\t<div id=\"elementor-tab-title-2016\" class=\"elementor-tab-title\" data-tab=\"6\" role=\"button\" aria-controls=\"elementor-tab-content-2016\" aria-expanded=\"false\">\n\t\t\t\t\t\t\t\t\t\t\t\t\t<span class=\"elementor-accordion-icon elementor-accordion-icon-right\" aria-hidden=\"true\">\n\t\t\t\t\t\t\t\t\t\t\t\t\t\t\t<span class=\"elementor-accordion-icon-closed\"><i class=\"fas fa-angle-down\"><\/i><\/span>\n\t\t\t\t\t\t\t\t<span class=\"elementor-accordion-icon-opened\"><i class=\"fas fa-minus\"><\/i><\/span>\n\t\t\t\t\t\t\t\t\t\t\t\t\t\t<\/span>\n\t\t\t\t\t\t\t\t\t\t\t\t<a class=\"elementor-accordion-title\" tabindex=\"0\">Gibt es einen Fernseher in der Wohnung?<\/a>\n\t\t\t\t\t<\/div>\n\t\t\t\t\t<div id=\"elementor-tab-content-2016\" class=\"elementor-tab-content elementor-clearfix\" data-tab=\"6\" role=\"region\" aria-labelledby=\"elementor-tab-title-2016\"><p>Ja, LED-Fernseher mit vielen Kan\u00e4len, die meisten davon in HD-Qualit\u00e4t.\u00a0 \u00a0<img loading=\"lazy\" decoding=\"async\" class=\"alignnone size-full wp-image-1404\" src=\"https:\/\/castleresidencebalaton.hu\/wp-content\/uploads\/2023\/01\/tv.png\" alt=\"\" width=\"40\" height=\"28\" srcset=\"https:\/\/castleresidencebalaton.hu\/wp-content\/uploads\/2023\/01\/tv.png 40w, https:\/\/castleresidencebalaton.hu\/wp-content\/uploads\/2023\/01\/tv-18x12.png 18w\" sizes=\"(max-width: 40px) 100vw, 40px\" \/><\/p><\/div>\n\t\t\t\t<\/div>\n\t\t\t\t\t\t\t<div class=\"elementor-accordion-item\">\n\t\t\t\t\t<div id=\"elementor-tab-title-2017\" class=\"elementor-tab-title\" data-tab=\"7\" role=\"button\" aria-controls=\"elementor-tab-content-2017\" aria-expanded=\"false\">\n\t\t\t\t\t\t\t\t\t\t\t\t\t<span class=\"elementor-accordion-icon elementor-accordion-icon-right\" aria-hidden=\"true\">\n\t\t\t\t\t\t\t\t\t\t\t\t\t\t\t<span class=\"elementor-accordion-icon-closed\"><i class=\"fas fa-angle-down\"><\/i><\/span>\n\t\t\t\t\t\t\t\t<span class=\"elementor-accordion-icon-opened\"><i class=\"fas fa-minus\"><\/i><\/span>\n\t\t\t\t\t\t\t\t\t\t\t\t\t\t<\/span>\n\t\t\t\t\t\t\t\t\t\t\t\t<a class=\"elementor-accordion-title\" tabindex=\"0\">K\u00f6nnen wir das Lieblingshaustier der Familie mitbringen?<\/a>\n\t\t\t\t\t<\/div>\n\t\t\t\t\t<div id=\"elementor-tab-content-2017\" class=\"elementor-tab-content elementor-clearfix\" data-tab=\"7\" role=\"region\" aria-labelledby=\"elementor-tab-title-2017\"><p>Nein<\/p><\/div>\n\t\t\t\t<\/div>\n\t\t\t\t\t\t\t<div class=\"elementor-accordion-item\">\n\t\t\t\t\t<div id=\"elementor-tab-title-2018\" class=\"elementor-tab-title\" data-tab=\"8\" role=\"button\" aria-controls=\"elementor-tab-content-2018\" aria-expanded=\"false\">\n\t\t\t\t\t\t\t\t\t\t\t\t\t<span class=\"elementor-accordion-icon elementor-accordion-icon-right\" aria-hidden=\"true\">\n\t\t\t\t\t\t\t\t\t\t\t\t\t\t\t<span class=\"elementor-accordion-icon-closed\"><i class=\"fas fa-angle-down\"><\/i><\/span>\n\t\t\t\t\t\t\t\t<span class=\"elementor-accordion-icon-opened\"><i class=\"fas fa-minus\"><\/i><\/span>\n\t\t\t\t\t\t\t\t\t\t\t\t\t\t<\/span>\n\t\t\t\t\t\t\t\t\t\t\t\t<a class=\"elementor-accordion-title\" tabindex=\"0\">Ist das Zimmer klimatisiert?<\/a>\n\t\t\t\t\t<\/div>\n\t\t\t\t\t<div id=\"elementor-tab-content-2018\" class=\"elementor-tab-content elementor-clearfix\" data-tab=\"8\" role=\"region\" aria-labelledby=\"elementor-tab-title-2018\"><p>Klimaanlage ist in den Zimmern ohne Balkon im Geb\u00e4ude verf\u00fcgbar.\u00a0 <img loading=\"lazy\" decoding=\"async\" class=\"alignnone size-full wp-image-1408\" src=\"https:\/\/castleresidencebalaton.hu\/wp-content\/uploads\/2023\/01\/klima.png\" alt=\"\" width=\"40\" height=\"41\" srcset=\"https:\/\/castleresidencebalaton.hu\/wp-content\/uploads\/2023\/01\/klima.png 40w, https:\/\/castleresidencebalaton.hu\/wp-content\/uploads\/2023\/01\/klima-12x12.png 12w\" sizes=\"(max-width: 40px) 100vw, 40px\" \/><\/p><\/div>\n\t\t\t\t<\/div>\n\t\t\t\t\t\t\t<div class=\"elementor-accordion-item\">\n\t\t\t\t\t<div id=\"elementor-tab-title-2019\" class=\"elementor-tab-title\" data-tab=\"9\" role=\"button\" aria-controls=\"elementor-tab-content-2019\" aria-expanded=\"false\">\n\t\t\t\t\t\t\t\t\t\t\t\t\t<span class=\"elementor-accordion-icon elementor-accordion-icon-right\" aria-hidden=\"true\">\n\t\t\t\t\t\t\t\t\t\t\t\t\t\t\t<span class=\"elementor-accordion-icon-closed\"><i class=\"fas fa-angle-down\"><\/i><\/span>\n\t\t\t\t\t\t\t\t<span class=\"elementor-accordion-icon-opened\"><i class=\"fas fa-minus\"><\/i><\/span>\n\t\t\t\t\t\t\t\t\t\t\t\t\t\t<\/span>\n\t\t\t\t\t\t\t\t\t\t\t\t<a class=\"elementor-accordion-title\" tabindex=\"0\">Enthalten die Unterkunftspreise die Kurtaxe?<\/a>\n\t\t\t\t\t<\/div>\n\t\t\t\t\t<div id=\"elementor-tab-content-2019\" class=\"elementor-tab-content elementor-clearfix\" data-tab=\"9\" role=\"region\" aria-labelledby=\"elementor-tab-title-2019\"><p>Die Preise beinhalten keine Kurtaxe. F\u00fcr \u00fcber 18-J\u00e4hrige betr\u00e4gt die Kurtaxe 500 HUF\/Nacht.\u00a0 <img loading=\"lazy\" decoding=\"async\" class=\"alignnone size-full wp-image-1409\" src=\"https:\/\/castleresidencebalaton.hu\/wp-content\/uploads\/2023\/01\/ifa.png\" alt=\"\" width=\"40\" height=\"40\" srcset=\"https:\/\/castleresidencebalaton.hu\/wp-content\/uploads\/2023\/01\/ifa.png 40w, https:\/\/castleresidencebalaton.hu\/wp-content\/uploads\/2023\/01\/ifa-12x12.png 12w\" sizes=\"(max-width: 40px) 100vw, 40px\" \/><\/p><\/div>\n\t\t\t\t<\/div>\n\t\t\t\t\t\t\t<div class=\"elementor-accordion-item\">\n\t\t\t\t\t<div id=\"elementor-tab-title-20110\" class=\"elementor-tab-title\" data-tab=\"10\" role=\"button\" aria-controls=\"elementor-tab-content-20110\" aria-expanded=\"false\">\n\t\t\t\t\t\t\t\t\t\t\t\t\t<span class=\"elementor-accordion-icon elementor-accordion-icon-right\" aria-hidden=\"true\">\n\t\t\t\t\t\t\t\t\t\t\t\t\t\t\t<span class=\"elementor-accordion-icon-closed\"><i class=\"fas fa-angle-down\"><\/i><\/span>\n\t\t\t\t\t\t\t\t<span class=\"elementor-accordion-icon-opened\"><i class=\"fas fa-minus\"><\/i><\/span>\n\t\t\t\t\t\t\t\t\t\t\t\t\t\t<\/span>\n\t\t\t\t\t\t\t\t\t\t\t\t<a class=\"elementor-accordion-title\" tabindex=\"0\">Wo darf im G\u00e4stehaus geraucht werden?<\/a>\n\t\t\t\t\t<\/div>\n\t\t\t\t\t<div id=\"elementor-tab-content-20110\" class=\"elementor-tab-content elementor-clearfix\" data-tab=\"10\" role=\"region\" aria-labelledby=\"elementor-tab-title-20110\"><p>Das Rauchen ist im gesamten Geb\u00e4ude verboten! Es ist au\u00dferhalb des Geb\u00e4udes an ausgewiesenen Stellen erlaubt.\u00a0 <img loading=\"lazy\" decoding=\"async\" class=\"alignnone size-full wp-image-1410\" src=\"https:\/\/castleresidencebalaton.hu\/wp-content\/uploads\/2023\/01\/cigi.png\" alt=\"\" width=\"40\" height=\"40\" srcset=\"https:\/\/castleresidencebalaton.hu\/wp-content\/uploads\/2023\/01\/cigi.png 40w, https:\/\/castleresidencebalaton.hu\/wp-content\/uploads\/2023\/01\/cigi-12x12.png 12w\" sizes=\"(max-width: 40px) 100vw, 40px\" \/><\/p><\/div>\n\t\t\t\t<\/div>\n\t\t\t\t\t\t\t<div class=\"elementor-accordion-item\">\n\t\t\t\t\t<div id=\"elementor-tab-title-20111\" class=\"elementor-tab-title\" data-tab=\"11\" role=\"button\" aria-controls=\"elementor-tab-content-20111\" aria-expanded=\"false\">\n\t\t\t\t\t\t\t\t\t\t\t\t\t<span class=\"elementor-accordion-icon elementor-accordion-icon-right\" aria-hidden=\"true\">\n\t\t\t\t\t\t\t\t\t\t\t\t\t\t\t<span class=\"elementor-accordion-icon-closed\"><i class=\"fas fa-angle-down\"><\/i><\/span>\n\t\t\t\t\t\t\t\t<span class=\"elementor-accordion-icon-opened\"><i class=\"fas fa-minus\"><\/i><\/span>\n\t\t\t\t\t\t\t\t\t\t\t\t\t\t<\/span>\n\t\t\t\t\t\t\t\t\t\t\t\t<a class=\"elementor-accordion-title\" tabindex=\"0\">Wo genau befindet sich die Pension?<\/a>\n\t\t\t\t\t<\/div>\n\t\t\t\t\t<div id=\"elementor-tab-content-20111\" class=\"elementor-tab-content elementor-clearfix\" data-tab=\"11\" role=\"region\" aria-labelledby=\"elementor-tab-title-20111\"><p>A pontos c\u00edm 8623 Balatonf\u00f6ldv\u00e1r, Berzsenyi D\u00e1niel utca 80.\u00a0 <img loading=\"lazy\" decoding=\"async\" class=\"alignnone size-full wp-image-1412\" src=\"https:\/\/castleresidencebalaton.hu\/wp-content\/uploads\/2023\/01\/terkep.png\" alt=\"\" width=\"40\" height=\"40\" srcset=\"https:\/\/castleresidencebalaton.hu\/wp-content\/uploads\/2023\/01\/terkep.png 40w, https:\/\/castleresidencebalaton.hu\/wp-content\/uploads\/2023\/01\/terkep-12x12.png 12w\" sizes=\"(max-width: 40px) 100vw, 40px\" \/><\/p><\/div>\n\t\t\t\t<\/div>\n\t\t\t\t\t\t\t<div class=\"elementor-accordion-item\">\n\t\t\t\t\t<div id=\"elementor-tab-title-20112\" class=\"elementor-tab-title\" data-tab=\"12\" role=\"button\" aria-controls=\"elementor-tab-content-20112\" aria-expanded=\"false\">\n\t\t\t\t\t\t\t\t\t\t\t\t\t<span class=\"elementor-accordion-icon elementor-accordion-icon-right\" aria-hidden=\"true\">\n\t\t\t\t\t\t\t\t\t\t\t\t\t\t\t<span class=\"elementor-accordion-icon-closed\"><i class=\"fas fa-angle-down\"><\/i><\/span>\n\t\t\t\t\t\t\t\t<span class=\"elementor-accordion-icon-opened\"><i class=\"fas fa-minus\"><\/i><\/span>\n\t\t\t\t\t\t\t\t\t\t\t\t\t\t<\/span>\n\t\t\t\t\t\t\t\t\t\t\t\t<a class=\"elementor-accordion-title\" tabindex=\"0\">Wir wollen Rad fahren! Ist es m\u00f6glich, ein Fahrrad zu mieten?<\/a>\n\t\t\t\t\t<\/div>\n\t\t\t\t\t<div id=\"elementor-tab-content-20112\" class=\"elementor-tab-content elementor-clearfix\" data-tab=\"12\" role=\"region\" aria-labelledby=\"elementor-tab-title-20112\"><p>Ja, auch von uns.\u00a0 <img loading=\"lazy\" decoding=\"async\" class=\"alignnone size-full wp-image-1413\" src=\"https:\/\/castleresidencebalaton.hu\/wp-content\/uploads\/2023\/01\/bicikli.png\" alt=\"\" width=\"70\" height=\"40\" srcset=\"https:\/\/castleresidencebalaton.hu\/wp-content\/uploads\/2023\/01\/bicikli.png 70w, https:\/\/castleresidencebalaton.hu\/wp-content\/uploads\/2023\/01\/bicikli-18x10.png 18w\" sizes=\"(max-width: 70px) 100vw, 70px\" \/><\/p><\/div>\n\t\t\t\t<\/div>\n\t\t\t\t\t\t\t<div class=\"elementor-accordion-item\">\n\t\t\t\t\t<div id=\"elementor-tab-title-20113\" class=\"elementor-tab-title\" data-tab=\"13\" role=\"button\" aria-controls=\"elementor-tab-content-20113\" aria-expanded=\"false\">\n\t\t\t\t\t\t\t\t\t\t\t\t\t<span class=\"elementor-accordion-icon elementor-accordion-icon-right\" aria-hidden=\"true\">\n\t\t\t\t\t\t\t\t\t\t\t\t\t\t\t<span class=\"elementor-accordion-icon-closed\"><i class=\"fas fa-angle-down\"><\/i><\/span>\n\t\t\t\t\t\t\t\t<span class=\"elementor-accordion-icon-opened\"><i class=\"fas fa-minus\"><\/i><\/span>\n\t\t\t\t\t\t\t\t\t\t\t\t\t\t<\/span>\n\t\t\t\t\t\t\t\t\t\t\t\t<a class=\"elementor-accordion-title\" tabindex=\"0\">Unter welchen Bedingungen kann ich meine Unterkunftsreservierung stornieren?<\/a>\n\t\t\t\t\t<\/div>\n\t\t\t\t\t<div id=\"elementor-tab-content-20113\" class=\"elementor-tab-content elementor-clearfix\" data-tab=\"13\" role=\"region\" aria-labelledby=\"elementor-tab-title-20113\"><p>\u00c9rkez\u00e9s el\u0151tt 14 napig a foglal\u00e1s d\u00edjmentesen lemondhat\u00f3 vagy m\u00f3dos\u00edthat\u00f3 szezonon bel\u00fcl. Az el\u0151leget visszautaljuk,990Ft kezel\u00e9si \u00e9s utal\u00e1si d\u00edj levon\u00e1sa mellett. SZ\u00c9P k\u00e1rty\u00e1s el\u0151legeket nem \u00e1ll m\u00f3dunkban visszautalni.<\/p><p>14 napon bel\u00fcli lemond\u00e1s, m\u00f3dos\u00edt\u00e1s vagy meg nem \u00e9rkez\u00e9s eset\u00e9n a befizetett el\u0151leg adminisztr\u00e1ci\u00f3s d\u00edjk\u00e9nt megtart\u00e1sra ker\u00fcl.\u00a0 <br \/>3 napon bel\u00fcli lemond\u00e1s eset\u00e9n az \u00e9jszak\u00e1k 100%-a ker\u00fcl k\u00f6tb\u00e9rk\u00e9nt elsz\u00e1mol\u00e1sra.\u00a0<\/p><\/div>\n\t\t\t\t<\/div>\n\t\t\t\t\t\t\t<div class=\"elementor-accordion-item\">\n\t\t\t\t\t<div id=\"elementor-tab-title-20114\" class=\"elementor-tab-title\" data-tab=\"14\" role=\"button\" aria-controls=\"elementor-tab-content-20114\" aria-expanded=\"false\">\n\t\t\t\t\t\t\t\t\t\t\t\t\t<span class=\"elementor-accordion-icon elementor-accordion-icon-right\" aria-hidden=\"true\">\n\t\t\t\t\t\t\t\t\t\t\t\t\t\t\t<span class=\"elementor-accordion-icon-closed\"><i class=\"fas fa-angle-down\"><\/i><\/span>\n\t\t\t\t\t\t\t\t<span class=\"elementor-accordion-icon-opened\"><i class=\"fas fa-minus\"><\/i><\/span>\n\t\t\t\t\t\t\t\t\t\t\t\t\t\t<\/span>\n\t\t\t\t\t\t\t\t\t\t\t\t<a class=\"elementor-accordion-title\" tabindex=\"0\">Kann ich mit einer SZ\u00c9P-Karte bezahlen?<\/a>\n\t\t\t\t\t<\/div>\n\t\t\t\t\t<div id=\"elementor-tab-content-20114\" class=\"elementor-tab-content elementor-clearfix\" data-tab=\"14\" role=\"region\" aria-labelledby=\"elementor-tab-title-20114\"><p>Ja, wir sind eine SZ\u00c9P-Kartenakzeptanzstelle.<\/p><\/div>\n\t\t\t\t<\/div>\n\t\t\t\t\t\t\t<div class=\"elementor-accordion-item\">\n\t\t\t\t\t<div id=\"elementor-tab-title-20115\" class=\"elementor-tab-title\" data-tab=\"15\" role=\"button\" aria-controls=\"elementor-tab-content-20115\" aria-expanded=\"false\">\n\t\t\t\t\t\t\t\t\t\t\t\t\t<span class=\"elementor-accordion-icon elementor-accordion-icon-right\" aria-hidden=\"true\">\n\t\t\t\t\t\t\t\t\t\t\t\t\t\t\t<span class=\"elementor-accordion-icon-closed\"><i class=\"fas fa-angle-down\"><\/i><\/span>\n\t\t\t\t\t\t\t\t<span class=\"elementor-accordion-icon-opened\"><i class=\"fas fa-minus\"><\/i><\/span>\n\t\t\t\t\t\t\t\t\t\t\t\t\t\t<\/span>\n\t\t\t\t\t\t\t\t\t\t\t\t<a class=\"elementor-accordion-title\" tabindex=\"0\">Lehet mi\u00e9nk az eg\u00e9sz sz\u00e1ll\u00e1shely?<\/a>\n\t\t\t\t\t<\/div>\n\t\t\t\t\t<div id=\"elementor-tab-content-20115\" class=\"elementor-tab-content elementor-clearfix\" data-tab=\"15\" role=\"region\" aria-labelledby=\"elementor-tab-title-20115\"><p>Igen! A sz\u00e1ll\u00e1shely egyben is foglalhat\u00f3. Ez esetben ti\u00e9tek az \u00e9p\u00fclet \u00f6sszes szob\u00e1ja (5 k\u00e9t\u00e1gyas \u00e9s 4 db 4 f\u0151s k\u00e9t h\u00e1l\u00f3szob\u00e1s szoba), az \u00e9tkez\u0151, a klubszoba\/ k\u00fcl\u00f6nterem \u00e9s term\u00e9szetesen az udvar, a f\u00fcrd\u0151t\u00f3val, szaun\u00e1val \u00e9s s\u00f3d\u00e9zs\u00e1val. Kell enn\u00e9l jobb? <img loading=\"lazy\" decoding=\"async\" src=\"https:\/\/castleresidencebalaton.hu\/wp-content\/uploads\/2023\/01\/haz.png\" alt=\"\" width=\"40\" height=\"33\" \/><\/p><\/div>\n\t\t\t\t<\/div>\n\t\t\t\t\t\t\t\t<\/div>\n\t\t\t\t<\/div>\n\t\t\t\t<\/div>\n\t\t\t\t<div class=\"elementor-element elementor-element-d0bb69a elementor-widget elementor-widget-heading\" data-id=\"d0bb69a\" data-element_type=\"widget\" data-widget_type=\"heading.default\">\n\t\t\t\t<div class=\"elementor-widget-container\">\n\t\t\t<h2 class=\"elementor-heading-title elementor-size-default\">H\u00e1zirend<\/h2>\t\t<\/div>\n\t\t\t\t<\/div>\n\t\t\t\t<div class=\"elementor-element elementor-element-0d8b06b elementor-widget elementor-widget-accordion\" data-id=\"0d8b06b\" data-element_type=\"widget\" data-widget_type=\"accordion.default\">\n\t\t\t\t<div class=\"elementor-widget-container\">\n\t\t\t\t\t<div class=\"elementor-accordion\">\n\t\t\t\t\t\t\t<div class=\"elementor-accordion-item\">\n\t\t\t\t\t<div id=\"elementor-tab-title-1421\" class=\"elementor-tab-title\" data-tab=\"1\" role=\"button\" aria-controls=\"elementor-tab-content-1421\" aria-expanded=\"false\">\n\t\t\t\t\t\t\t\t\t\t\t\t\t<span class=\"elementor-accordion-icon elementor-accordion-icon-left\" aria-hidden=\"true\">\n\t\t\t\t\t\t\t\t\t\t\t\t\t\t\t<span class=\"elementor-accordion-icon-closed\"><i class=\"fas fa-plus\"><\/i><\/span>\n\t\t\t\t\t\t\t\t<span class=\"elementor-accordion-icon-opened\"><i class=\"fas fa-minus\"><\/i><\/span>\n\t\t\t\t\t\t\t\t\t\t\t\t\t\t<\/span>\n\t\t\t\t\t\t\t\t\t\t\t\t<a class=\"elementor-accordion-title\" tabindex=\"0\">Be- \u00e9s kijelentkez\u00e9si t\u00e1j\u00e9koztat\u00f3<\/a>\n\t\t\t\t\t<\/div>\n\t\t\t\t\t<div id=\"elementor-tab-content-1421\" class=\"elementor-tab-content elementor-clearfix\" data-tab=\"1\" role=\"region\" aria-labelledby=\"elementor-tab-title-1421\"><p>\u00c9rkez\u00e9skor a vend\u00e9g k\u00f6teles a sz\u00e1ll\u00e1sad\u00f3nak \u00e1tadni adatfelv\u00e9tel miatt a szem\u00e9lyes dokumentumait (\u00fatlev\u00e9l vagy szem\u00e9lyi igazolv\u00e1ny, lakc\u00edmk\u00e1rtya) a check in egy r\u00e9sz\u00e9t el\u0151zetesen \u00f6n\u00e1ll\u00f3an elv\u00e9gezheti a sz\u00e1ll\u00e1shely check in rendszer\u00e9ben, melyr\u0151l emailben t\u00e1j\u00e9koztatjuk a foglal\u00e1sakor.<br \/><span style=\"font-style: inherit; font-weight: inherit; background-color: var(--ast-global-color-4);\">Vend\u00e9geink a bejelentkez\u00e9s ut\u00e1n szem\u00e9lyesen kapj\u00e1k meg a szobakulcsot \u00e9s t\u00e1j\u00e9koztat\u00e1st a k\u00f6z\u00f6s helys\u00e9gek haszn\u00e1lat\u00e1r\u00f3l.<br \/><\/span><span style=\"font-style: inherit; font-weight: inherit; background-color: var(--ast-global-color-4);\">A szob\u00e1kat \u00e9rkez\u00e9si napon <\/span><strong style=\"font-style: inherit; background-color: var(--ast-global-color-4);\">14:00<\/strong><span style=\"font-style: inherit; font-weight: inherit; background-color: var(--ast-global-color-4);\"> \u00f3r\u00e1t\u00f3l biztos\u00edtjuk. A t\u00e1voz\u00e1si napon a szob\u00e1t <\/span><strong style=\"font-style: inherit; background-color: var(--ast-global-color-4);\">10:00<\/strong><span style=\"font-style: inherit; font-weight: inherit; background-color: var(--ast-global-color-4);\"> \u00f3r\u00e1ig k\u00e9rj\u00fck elhagyni.\u00a0<\/span><span style=\"font-style: inherit; font-weight: inherit; background-color: var(--ast-global-color-4);\">T\u00e1voz\u00e1s napj\u00e1n tart\u00f3zkod\u00e1suk meghosszabb\u00edt\u00e1s\u00e1ra van lehet\u0151s\u00e9g, el\u0151re egyeztet\u00e9s alapj\u00e1n.<br \/><\/span><span style=\"background-color: var(--ast-global-color-4); font-style: inherit; font-weight: inherit;\">K\u00e9rj\u00fck Vend\u00e9geinket \u2013 a szob\u00e1b\u00f3l val\u00f3 t\u00e1voz\u00e1suk el\u0151tt \u2013 gy\u0151z\u0151djenek meg arr\u00f3l, hogy az erk\u00e9lyajt\u00f3k ne maradjanak nyitva, illetve a berendez\u00e9si eszk\u00f6z\u00f6k (tv,kl\u00edma) illetve a v\u00edzcsapok elz\u00e1rva legyenek.\u00a0<\/span><\/p><p><span style=\"font-style: inherit; font-weight: inherit; background-color: var(--ast-global-color-4);\">T\u00e1voz\u00e1skor a szobakulcsot k\u00e9rj\u00fck leadni koll\u00e9g\u00e1nknak.\u00a0<\/span><span style=\"font-style: inherit; font-weight: inherit; background-color: var(--ast-global-color-4);\">A szobakulcs elveszt\u00e9se eset\u00e9n 3000 Ft plusz k\u00f6lts\u00e9get sz\u00e1m\u00edtunk fel.<\/span><\/p><\/div>\n\t\t\t\t<\/div>\n\t\t\t\t\t\t\t<div class=\"elementor-accordion-item\">\n\t\t\t\t\t<div id=\"elementor-tab-title-1422\" class=\"elementor-tab-title\" data-tab=\"2\" role=\"button\" aria-controls=\"elementor-tab-content-1422\" aria-expanded=\"false\">\n\t\t\t\t\t\t\t\t\t\t\t\t\t<span class=\"elementor-accordion-icon elementor-accordion-icon-left\" aria-hidden=\"true\">\n\t\t\t\t\t\t\t\t\t\t\t\t\t\t\t<span class=\"elementor-accordion-icon-closed\"><i class=\"fas fa-plus\"><\/i><\/span>\n\t\t\t\t\t\t\t\t<span class=\"elementor-accordion-icon-opened\"><i class=\"fas fa-minus\"><\/i><\/span>\n\t\t\t\t\t\t\t\t\t\t\t\t\t\t<\/span>\n\t\t\t\t\t\t\t\t\t\t\t\t<a class=\"elementor-accordion-title\" tabindex=\"0\">Viselked\u00e9s a sz\u00e1ll\u00e1shelyen<\/a>\n\t\t\t\t\t<\/div>\n\t\t\t\t\t<div id=\"elementor-tab-content-1422\" class=\"elementor-tab-content elementor-clearfix\" data-tab=\"2\" role=\"region\" aria-labelledby=\"elementor-tab-title-1422\"><p>K\u00e9rj\u00fck, hogy tarts\u00e1k tiszteletben a t\u00f6bbi vend\u00e9g nyugalm\u00e1t \u00e9s hangoskod\u00e1ssal azt ne zavarj\u00e1k. K\u00fcl\u00f6n\u00f6s tekintettel figyeljenek egym\u00e1s nyugalm\u00e1ra <strong>22:00 \u00f3ra ut\u00e1n<\/strong>.<\/p><p>A szob\u00e1k \u00e9s a sz\u00e1ll\u00e1shely felszerel\u00e9si t\u00e1rgyait azok ter\u00fclet\u00e9r\u0151l kivinni tilos. <br \/>Parkol\u00f3nk haszn\u00e1latakor a bej\u00e1ratokat sz\u00edveskedjenek szabadon hagyni! <br \/>A sz\u00e1ll\u00e1shely eszk\u00f6zeit rendeltet\u00e9sszer\u0171en kell haszn\u00e1lni. <br \/>A sz\u00e1ll\u00e1shely ter\u00fclet\u00e9n 18 \u00e9ven aluliak szeszesitalt nem fogyaszthatnak. <br \/>A sz\u00e1ll\u00e1shely valamennyi szob\u00e1ja <strong>NEM DOH\u00c1NYZ\u00d3<\/strong>! <br \/>A szob\u00e1kba <strong>\u00e1llatokat bevinni TILOS<\/strong>! Meg\u00e9rt\u00e9s\u00fcket k\u00f6sz\u00f6nj\u00fck.<\/p><p>A sz\u00e1ll\u00e1shely szob\u00e1iban csak a port\u00e1n regisztr\u00e1lt vend\u00e9gek tart\u00f3zkodhatnak, k\u00e9rj\u00fck l\u00e1togat\u00f3aikat a hallban fogadni<strong>. <\/strong><\/p><\/div>\n\t\t\t\t<\/div>\n\t\t\t\t\t\t\t<div class=\"elementor-accordion-item\">\n\t\t\t\t\t<div id=\"elementor-tab-title-1423\" class=\"elementor-tab-title\" data-tab=\"3\" role=\"button\" aria-controls=\"elementor-tab-content-1423\" aria-expanded=\"false\">\n\t\t\t\t\t\t\t\t\t\t\t\t\t<span class=\"elementor-accordion-icon elementor-accordion-icon-left\" aria-hidden=\"true\">\n\t\t\t\t\t\t\t\t\t\t\t\t\t\t\t<span class=\"elementor-accordion-icon-closed\"><i class=\"fas fa-plus\"><\/i><\/span>\n\t\t\t\t\t\t\t\t<span class=\"elementor-accordion-icon-opened\"><i class=\"fas fa-minus\"><\/i><\/span>\n\t\t\t\t\t\t\t\t\t\t\t\t\t\t<\/span>\n\t\t\t\t\t\t\t\t\t\t\t\t<a class=\"elementor-accordion-title\" tabindex=\"0\">Alapszolg\u00e1ltat\u00e1saink<\/a>\n\t\t\t\t\t<\/div>\n\t\t\t\t\t<div id=\"elementor-tab-content-1423\" class=\"elementor-tab-content elementor-clearfix\" data-tab=\"3\" role=\"region\" aria-labelledby=\"elementor-tab-title-1423\"><p>Vend\u00e9geink r\u00e9sz\u00e9re a szoba\u00e1r a sz\u00e1ll\u00e1son k\u00edv\u00fcl az al\u00e1bbiakat tartalmazza: parkol\u00f3 haszn\u00e1lat, Wi-Fi el\u00e9rhet\u0151s\u00e9g az eg\u00e9sz h\u00e1zban, 0-24 telefon szolg\u00e1lat.<\/p><p>A szob\u00e1kat hosszabb tart\u00f3zkod\u00e1s eset\u00e9n hetente 1x takar\u00edtjuk, mely az \u00e1gynem\u0171 \u00e9s t\u00f6r\u00f6lk\u00f6z\u0151cser\u00e9t is mag\u00e1ban foglalja. T\u00f6bbsz\u00f6ri takar\u00edt\u00e1sra, \u00e1gynem\u0171 \u00e9s t\u00f6r\u00f6lk\u00f6z\u0151 cser\u00e9re a vend\u00e9g k\u00fcl\u00f6n k\u00e9r\u00e9se eset\u00e9n max. 3 naponta van lehet\u0151s\u00e9g fel\u00e1r ellen\u00e9ben. A k\u00f6z\u00f6s helyis\u00e9gek takar\u00edt\u00e1sa \u00e9s szem\u00e9t\u00fcr\u00edt\u00e9s naponta t\u00f6rt\u00e9nik.<\/p><p>Az udvari f\u00fcrd\u0151t\u00f3 haszn\u00e1lata, a szab\u00e1lyok betart\u00e1sa mellett, ingyenes vend\u00e9geink sz\u00e1m\u00e1ra.<\/p><\/div>\n\t\t\t\t<\/div>\n\t\t\t\t\t\t\t<div class=\"elementor-accordion-item\">\n\t\t\t\t\t<div id=\"elementor-tab-title-1424\" class=\"elementor-tab-title\" data-tab=\"4\" role=\"button\" aria-controls=\"elementor-tab-content-1424\" aria-expanded=\"false\">\n\t\t\t\t\t\t\t\t\t\t\t\t\t<span class=\"elementor-accordion-icon elementor-accordion-icon-left\" aria-hidden=\"true\">\n\t\t\t\t\t\t\t\t\t\t\t\t\t\t\t<span class=\"elementor-accordion-icon-closed\"><i class=\"fas fa-plus\"><\/i><\/span>\n\t\t\t\t\t\t\t\t<span class=\"elementor-accordion-icon-opened\"><i class=\"fas fa-minus\"><\/i><\/span>\n\t\t\t\t\t\t\t\t\t\t\t\t\t\t<\/span>\n\t\t\t\t\t\t\t\t\t\t\t\t<a class=\"elementor-accordion-title\" tabindex=\"0\">Tov\u00e1bbi szolg\u00e1ltat\u00e1sok<\/a>\n\t\t\t\t\t<\/div>\n\t\t\t\t\t<div id=\"elementor-tab-content-1424\" class=\"elementor-tab-content elementor-clearfix\" data-tab=\"4\" role=\"region\" aria-labelledby=\"elementor-tab-title-1424\"><p>Reggeli: 8:00-10:00<\/p><p>A szauna \u00e9s a s\u00f3d\u00e9zsa haszn\u00e1lata egy\u00e9ni el\u0151zetes egyeztet\u00e9s ut\u00e1n k\u00fcl\u00f6n d\u00edjaz\u00e1s ellen\u00e9ben el\u00e9rhet\u0151. R\u00e9szleg\u00fcnket mindenki saj\u00e1t felel\u0151ss\u00e9gre \u00e9s a rendeltet\u00e9sszer\u0171 haszn\u00e1lat betart\u00e1sa mellett veheti ig\u00e9nybe<\/p><p>Bicikli k\u00f6lcs\u00f6nz\u00e9s: a felt\u00e9telekr\u0151l szem\u00e9lyesen \u00e9rdekl\u0151dj a helysz\u00ednen kolleg\u00e1nkt\u00f3l.<\/p><\/div>\n\t\t\t\t<\/div>\n\t\t\t\t\t\t\t<div class=\"elementor-accordion-item\">\n\t\t\t\t\t<div id=\"elementor-tab-title-1425\" class=\"elementor-tab-title\" data-tab=\"5\" role=\"button\" aria-controls=\"elementor-tab-content-1425\" aria-expanded=\"false\">\n\t\t\t\t\t\t\t\t\t\t\t\t\t<span class=\"elementor-accordion-icon elementor-accordion-icon-left\" aria-hidden=\"true\">\n\t\t\t\t\t\t\t\t\t\t\t\t\t\t\t<span class=\"elementor-accordion-icon-closed\"><i class=\"fas fa-plus\"><\/i><\/span>\n\t\t\t\t\t\t\t\t<span class=\"elementor-accordion-icon-opened\"><i class=\"fas fa-minus\"><\/i><\/span>\n\t\t\t\t\t\t\t\t\t\t\t\t\t\t<\/span>\n\t\t\t\t\t\t\t\t\t\t\t\t<a class=\"elementor-accordion-title\" tabindex=\"0\">Biztons\u00e1g<\/a>\n\t\t\t\t\t<\/div>\n\t\t\t\t\t<div id=\"elementor-tab-content-1425\" class=\"elementor-tab-content elementor-clearfix\" data-tab=\"5\" role=\"region\" aria-labelledby=\"elementor-tab-title-1425\"><p>Felh\u00edvjuk kedves Vend\u00e9geink figyelm\u00e9t, hogy a sz\u00e1ll\u00e1s ter\u00fclet\u00e9n \u00e9s a szob\u00e1kban\u00a0 hagyott \u00e9rt\u00e9kt\u00e1rgyaik\u00e9rt nem v\u00e1llalunk felel\u0151ss\u00e9get.<br \/>A tal\u00e1lt t\u00e1rgyakat k\u00e9rj\u00fck a recepci\u00f3n leadni.<\/p><\/div>\n\t\t\t\t<\/div>\n\t\t\t\t\t\t\t<div class=\"elementor-accordion-item\">\n\t\t\t\t\t<div id=\"elementor-tab-title-1426\" class=\"elementor-tab-title\" data-tab=\"6\" role=\"button\" aria-controls=\"elementor-tab-content-1426\" aria-expanded=\"false\">\n\t\t\t\t\t\t\t\t\t\t\t\t\t<span class=\"elementor-accordion-icon elementor-accordion-icon-left\" aria-hidden=\"true\">\n\t\t\t\t\t\t\t\t\t\t\t\t\t\t\t<span class=\"elementor-accordion-icon-closed\"><i class=\"fas fa-plus\"><\/i><\/span>\n\t\t\t\t\t\t\t\t<span class=\"elementor-accordion-icon-opened\"><i class=\"fas fa-minus\"><\/i><\/span>\n\t\t\t\t\t\t\t\t\t\t\t\t\t\t<\/span>\n\t\t\t\t\t\t\t\t\t\t\t\t<a class=\"elementor-accordion-title\" tabindex=\"0\">Doh\u00e1nyz\u00e1s \u00e9s t\u0171zv\u00e9delem<\/a>\n\t\t\t\t\t<\/div>\n\t\t\t\t\t<div id=\"elementor-tab-content-1426\" class=\"elementor-tab-content elementor-clearfix\" data-tab=\"6\" role=\"region\" aria-labelledby=\"elementor-tab-title-1426\"><p>A sz\u00e1ll\u00e1shely ter\u00fclet\u00e9n tilos a doh\u00e1nyz\u00e1s! Doh\u00e1nyz\u00f3 vend\u00e9geink a bej\u00e1rat\u00e1t\u00f3l 5 m\u00e9terre vagy teraszunk kijel\u00f6lt ter\u00fclet\u00e9n gy\u00fajthatnak r\u00e1. A tilalom megszeg\u00e9se 10.000Ft\/alkalom p\u00e9nzb\u00edrs\u00e1got von maga ut\u00e1n.<\/p><p>T\u00fczet rakni a kijel\u00f6lt t\u0171zrak\u00f3 helyen lehet a t\u0171zv\u00e9delmi szab\u00e1lyok betart\u00e1sa mellett. Ezt a sz\u00e1nd\u00e9k\u00e1t k\u00e9rj\u00fck el\u0151re jelezze \u00edgy biztos\u00edtjuk a megfelel\u0151 eszk\u00f6z\u00f6ket (t\u00fczifa, bogr\u00e1cs). A t\u0171zrak\u00e1s ut\u00e1n k\u00e9rj\u00fck a vend\u00e9geket a szem\u00e9t elt\u00e1vol\u00edt\u00e1s\u00e1ra valamint gy\u0151z\u0151djenek meg arr\u00f3l,hogy a t\u00fczet val\u00f3ban eloltott\u00e1k! T\u0171z eset\u00e9n a kihelyezett porolt\u00f3 k\u00e9sz\u00fcl\u00e9kkel azonnal kezdj\u00e9k meg az olt\u00e1st \u00e9s h\u00edvj\u00e1k a t\u0171zolt\u00f3kat a 112-es sz\u00e1mon, majd azt k\u00f6vet\u0151en a sz\u00e1ll\u00e1sad\u00f3t! A sz\u00e1ll\u00e1shely t\u0171zv\u00e9delmi szab\u00e1lyzat\u00e1t minden Vend\u00e9g k\u00f6teles betartani.<\/p><\/div>\n\t\t\t\t<\/div>\n\t\t\t\t\t\t\t<div class=\"elementor-accordion-item\">\n\t\t\t\t\t<div id=\"elementor-tab-title-1427\" class=\"elementor-tab-title\" data-tab=\"7\" role=\"button\" aria-controls=\"elementor-tab-content-1427\" aria-expanded=\"false\">\n\t\t\t\t\t\t\t\t\t\t\t\t\t<span class=\"elementor-accordion-icon elementor-accordion-icon-left\" aria-hidden=\"true\">\n\t\t\t\t\t\t\t\t\t\t\t\t\t\t\t<span class=\"elementor-accordion-icon-closed\"><i class=\"fas fa-plus\"><\/i><\/span>\n\t\t\t\t\t\t\t\t<span class=\"elementor-accordion-icon-opened\"><i class=\"fas fa-minus\"><\/i><\/span>\n\t\t\t\t\t\t\t\t\t\t\t\t\t\t<\/span>\n\t\t\t\t\t\t\t\t\t\t\t\t<a class=\"elementor-accordion-title\" tabindex=\"0\">Hiba bejelnt\u00e9s, panasz<\/a>\n\t\t\t\t\t<\/div>\n\t\t\t\t\t<div id=\"elementor-tab-content-1427\" class=\"elementor-tab-content elementor-clearfix\" data-tab=\"7\" role=\"region\" aria-labelledby=\"elementor-tab-title-1427\"><p>K\u00e9rj\u00fck Vend\u00e9geinket, hogy a szob\u00e1ban tapasztalt mindennem\u0171 meghib\u00e1sod\u00e1st halad\u00e9ktalanul sz\u00edveskedjenek jelezni.<\/p><p>Minden \u00e9szrev\u00e9telt akkor tudunk figyelembe venni, ha azok a tart\u00f3zkod\u00e1s ideje alatt vannak jelentve. Ut\u00f3lagos reklam\u00e1ci\u00f3t nem fogadunk el.<\/p><\/div>\n\t\t\t\t<\/div>\n\t\t\t\t\t\t\t<div class=\"elementor-accordion-item\">\n\t\t\t\t\t<div id=\"elementor-tab-title-1428\" class=\"elementor-tab-title\" data-tab=\"8\" role=\"button\" aria-controls=\"elementor-tab-content-1428\" aria-expanded=\"false\">\n\t\t\t\t\t\t\t\t\t\t\t\t\t<span class=\"elementor-accordion-icon elementor-accordion-icon-left\" aria-hidden=\"true\">\n\t\t\t\t\t\t\t\t\t\t\t\t\t\t\t<span class=\"elementor-accordion-icon-closed\"><i class=\"fas fa-plus\"><\/i><\/span>\n\t\t\t\t\t\t\t\t<span class=\"elementor-accordion-icon-opened\"><i class=\"fas fa-minus\"><\/i><\/span>\n\t\t\t\t\t\t\t\t\t\t\t\t\t\t<\/span>\n\t\t\t\t\t\t\t\t\t\t\t\t<a class=\"elementor-accordion-title\" tabindex=\"0\">K\u00e1rokoz\u00e1s, kitilt\u00e1s<\/a>\n\t\t\t\t\t<\/div>\n\t\t\t\t\t<div id=\"elementor-tab-content-1428\" class=\"elementor-tab-content elementor-clearfix\" data-tab=\"8\" role=\"region\" aria-labelledby=\"elementor-tab-title-1428\"><p>Gondatlans\u00e1gb\u00f3l vagy sz\u00e1nd\u00e9kosan okozott k\u00e1rt, illetve a szab\u00e1lyok megszeg\u00e9s\u00e9t az okoz\u00f3val megt\u00e9r\u00edttetj\u00fck.<\/p><p>A sz\u00e1ll\u00e1sr\u00f3l kiz\u00e1rhat\u00f3 az a szem\u00e9ly, aki b\u0171ncselekm\u00e9nyt vagy sz\u00e1nd\u00e9kos rong\u00e1l\u00e1st k\u00f6vet el; saj\u00e1t vagy m\u00e1s testi \u00e9ps\u00e9g\u00e9t vesz\u00e9lyezteti; 22.00 \u00e9s 6.00 \u00f3ra k\u00f6z\u00f6tt a pihenni v\u00e1gy\u00f3 vend\u00e9gek nyugalmat zavarja.<\/p><\/div>\n\t\t\t\t<\/div>\n\t\t\t\t\t\t\t<div class=\"elementor-accordion-item\">\n\t\t\t\t\t<div id=\"elementor-tab-title-1429\" class=\"elementor-tab-title\" data-tab=\"9\" role=\"button\" aria-controls=\"elementor-tab-content-1429\" aria-expanded=\"false\">\n\t\t\t\t\t\t\t\t\t\t\t\t\t<span class=\"elementor-accordion-icon elementor-accordion-icon-left\" aria-hidden=\"true\">\n\t\t\t\t\t\t\t\t\t\t\t\t\t\t\t<span class=\"elementor-accordion-icon-closed\"><i class=\"fas fa-plus\"><\/i><\/span>\n\t\t\t\t\t\t\t\t<span class=\"elementor-accordion-icon-opened\"><i class=\"fas fa-minus\"><\/i><\/span>\n\t\t\t\t\t\t\t\t\t\t\t\t\t\t<\/span>\n\t\t\t\t\t\t\t\t\t\t\t\t<a class=\"elementor-accordion-title\" tabindex=\"0\">K\u00f6z\u00e9rdek\u0171 adatok<\/a>\n\t\t\t\t\t<\/div>\n\t\t\t\t\t<div id=\"elementor-tab-content-1429\" class=\"elementor-tab-content elementor-clearfix\" data-tab=\"9\" role=\"region\" aria-labelledby=\"elementor-tab-title-1429\"><p>Balatonf\u00f6ldv\u00e1r V\u00e1ros \u00d6nkorm\u00e1nyzata<br><span style=\"font-style: inherit; font-weight: inherit; background-color: var(--ast-global-color-4);\">8623 Balatonf\u00f6ldv\u00e1r, Pet\u0151fi S\u00e1ndor utca 1.<br><\/span><span style=\"font-style: inherit; font-weight: inherit; background-color: var(--ast-global-color-4);\">Tel: 06-84-540-330 Orvosi \u00fcgyelet: Balatonf\u00f6ldv\u00e1r, Szabads\u00e1g t\u00e9r 1.<\/span><\/p>\n<p><\/p>\n<p><b>Orvosi rendel\u00e9sek<\/b>:<span style=\"font-style: inherit; font-weight: inherit; background-color: var(--ast-global-color-4);\">&nbsp;Balatonf\u00f6ldv\u00e1r, Szabads\u00e1g t\u00e9r 1.<br><\/span><span style=\"font-style: inherit; font-weight: inherit; background-color: var(--ast-global-color-4);\">84\/340-113 orvos: Dr. Kelemen Zolt\u00e1n;&nbsp;<\/span><span style=\"font-style: inherit; font-weight: inherit; background-color: var(--ast-global-color-4);\">84\/540-246 gyermekorvos: Dr. Kelemenn\u00e9 Dr. Szab\u00f3 Piroska;&nbsp;<\/span><span style=\"font-style: inherit; font-weight: inherit; background-color: var(--ast-global-color-4);\">84\/340-670 fogorvos: Dr. Ledermayer Ferenc<\/span><span style=\"font-style: inherit; font-weight: inherit; background-color: var(--ast-global-color-4);\">Az Egys\u00e9ges <\/span><span style=\"font-style: inherit; background-color: var(--ast-global-color-4);\"><b>\u00fcgyeleti telefonsz\u00e1m <\/b><\/span><span style=\"font-style: inherit; font-weight: inherit; background-color: var(--ast-global-color-4);\">2023. november 1-t\u0151l Somogy v\u00e1rmegy\u00e9ben: <\/span><span style=\"font-style: inherit; background-color: var(--ast-global-color-4);\"><b>1830<\/b><\/span><span style=\"font-style: inherit; font-weight: inherit; background-color: var(--ast-global-color-4);\">.&nbsp;<\/span><span style=\"font-style: inherit; font-weight: inherit; background-color: var(--ast-global-color-4);\">A telefonsz\u00e1m a teljes \u00fcgyeleti id\u0151szakban, h\u00e9tk\u00f6znap 16:00-8:00 k\u00f6z\u00f6tt, h\u00e9tv\u00e9g\u00e9n, \u00fcnnepnapon eg\u00e9sz nap h\u00edvhat\u00f3.<br><\/span><span style=\"font-style: inherit; font-weight: inherit; background-color: var(--ast-global-color-4);\">Legk\u00f6zelebbi <\/span><span style=\"font-style: inherit; background-color: var(--ast-global-color-4);\"><b>k\u00f3rh\u00e1z<\/b><\/span><span style=\"font-style: inherit; font-weight: inherit; background-color: var(--ast-global-color-4);\">, s\u00fcrg\u0151ss\u00e9gi ell\u00e1t\u00e1s: 8600 Si\u00f3fok, Semmelweis utca 1.<\/span><\/p><\/div>\n\t\t\t\t<\/div>\n\t\t\t\t\t\t\t<div class=\"elementor-accordion-item\">\n\t\t\t\t\t<div id=\"elementor-tab-title-14210\" class=\"elementor-tab-title\" data-tab=\"10\" role=\"button\" aria-controls=\"elementor-tab-content-14210\" aria-expanded=\"false\">\n\t\t\t\t\t\t\t\t\t\t\t\t\t<span class=\"elementor-accordion-icon elementor-accordion-icon-left\" aria-hidden=\"true\">\n\t\t\t\t\t\t\t\t\t\t\t\t\t\t\t<span class=\"elementor-accordion-icon-closed\"><i class=\"fas fa-plus\"><\/i><\/span>\n\t\t\t\t\t\t\t\t<span class=\"elementor-accordion-icon-opened\"><i class=\"fas fa-minus\"><\/i><\/span>\n\t\t\t\t\t\t\t\t\t\t\t\t\t\t<\/span>\n\t\t\t\t\t\t\t\t\t\t\t\t<a class=\"elementor-accordion-title\" tabindex=\"0\">\u00dczemeltet\u0151i adatok<\/a>\n\t\t\t\t\t<\/div>\n\t\t\t\t\t<div id=\"elementor-tab-content-14210\" class=\"elementor-tab-content elementor-clearfix\" data-tab=\"10\" role=\"region\" aria-labelledby=\"elementor-tab-title-14210\"><p>Glux Kft. (8621 Zam\u00e1rdi Pet\u0151fi utca 16. Ad\u00f3sz\u00e1m: 14237128-2-14<br><span style=\"font-style: inherit; font-weight: inherit; background-color: var(--ast-global-color-4);\">Telefonsz\u00e1maink: 06703860330 (L\u00e1z\u00e1r-\u00dcski Annam\u00e1ria), 06703204330 (L\u00e1z\u00e1r Lehel)<\/span><\/p><\/div>\n\t\t\t\t<\/div>\n\t\t\t\t\t\t\t\t<\/div>\n\t\t\t\t<\/div>\n\t\t\t\t<\/div>\n\t\t\t\t<div class=\"elementor-element elementor-element-443cf5a elementor-widget elementor-widget-text-editor\" data-id=\"443cf5a\" data-element_type=\"widget\" data-widget_type=\"text-editor.default\">\n\t\t\t\t<div class=\"elementor-widget-container\">\n\t\t\t<style>\/*! elementor - v3.19.0 - 29-01-2024 *\/\n.elementor-widget-text-editor.elementor-drop-cap-view-stacked .elementor-drop-cap{background-color:#69727d;color:#fff}.elementor-widget-text-editor.elementor-drop-cap-view-framed .elementor-drop-cap{color:#69727d;border:3px solid;background-color:transparent}.elementor-widget-text-editor:not(.elementor-drop-cap-view-default) .elementor-drop-cap{margin-top:8px}.elementor-widget-text-editor:not(.elementor-drop-cap-view-default) .elementor-drop-cap-letter{width:1em;height:1em}.elementor-widget-text-editor .elementor-drop-cap{float:left;text-align:center;line-height:1;font-size:50px}.elementor-widget-text-editor .elementor-drop-cap-letter{display:inline-block}<\/style>\t\t\t\t<h3><br><\/h3><h3>Antwort nicht gefunden?&nbsp;<\/h3>\n<div>\n<h3 style=\"font-style: normal;\">Kontaktiere uns!<\/h3>\n<\/div>\t\t\t\t\t\t<\/div>\n\t\t\t\t<\/div>\n\t\t\t\t<div class=\"elementor-element elementor-element-49a267e elementor-align-left elementor-mobile-align-center elementor-widget elementor-widget-button\" data-id=\"49a267e\" data-element_type=\"widget\" data-widget_type=\"button.default\">\n\t\t\t\t<div class=\"elementor-widget-container\">\n\t\t\t\t\t<div class=\"elementor-button-wrapper\">\n\t\t\t<a class=\"elementor-button elementor-button-link elementor-size-lg\" href=\"https:\/\/castleresidencebalaton.hu\/de\/#bookings\">\n\t\t\t\t\t\t<span class=\"elementor-button-content-wrapper\">\n\t\t\t\t\t\t<span class=\"elementor-button-icon elementor-align-icon-right\">\n\t\t\t\t<i aria-hidden=\"true\" class=\"fas fa-long-arrow-alt-right\"><\/i>\t\t\t<\/span>\n\t\t\t\t\t\t<span class=\"elementor-button-text\">Kontakt<\/span>\n\t\t<\/span>\n\t\t\t\t\t<\/a>\n\t\t<\/div>\n\t\t\t\t<\/div>\n\t\t\t\t<\/div>\n\t\t\t\t\t<\/div>\n\t\t<\/div>\n\t\t\t\t\t<\/div>\n\t\t<\/section>\n\t\t\t\t<\/div>","protected":false},"excerpt":{"rendered":"<p>Gyakran Ism\u00e9telt K\u00e9rd\u00e9sek H\u00e1zirend GYIK Mikort\u00f3l \u00e9rkezhet\u00fcnk \u00e9s mikor kell t\u00e1vozni? A szob\u00e1kat \u00e9rkez\u00e9si napon 14:00 \u00f3r\u00e1t\u00f3l vehetitek \u00e1t \u00e9s a t\u00e1voz\u00e1s napj\u00e1n k\u00e9rj\u00fck 10:00-ig elhagyni. El\u0151zetes egyeztet\u00e9s ut\u00e1n ett\u0151l elt\u00e9rhet\u00fcnk. \u00a0 Mindennapi haszn\u00e1lati t\u00e1rgyakat kell hoznunk magunkkal? Nem, minden rendelkez\u00e9sre \u00e1ll, a teljess\u00e9g ig\u00e9nye n\u00e9lk\u00fcl: t\u00f6r\u00f6lk\u00f6z\u0151, \u00e1gynem\u0171, ev\u0151eszk\u00f6z, poharak, toalettpap\u00edr, k\u00e9zfert\u0151tlen\u00edt\u0151, hajsz\u00e1r\u00edt\u00f3, v\u00e1llf\u00e1k, vasal\u00f3 [&hellip;]<\/p>","protected":false},"author":1,"featured_media":6,"parent":0,"menu_order":0,"comment_status":"closed","ping_status":"closed","template":"","meta":{"site-sidebar-layout":"no-sidebar","site-content-layout":"page-builder","ast-site-content-layout":"","site-content-style":"default","site-sidebar-style":"default","ast-global-header-display":"","ast-banner-title-visibility":"","ast-main-header-display":"","ast-hfb-above-header-display":"","ast-hfb-below-header-display":"","ast-hfb-mobile-header-display":"","site-post-title":"disabled","ast-breadcrumbs-content":"","ast-featured-img":"disabled","footer-sml-layout":"","theme-transparent-header-meta":"","adv-header-id-meta":"","stick-header-meta":"","header-above-stick-meta":"","header-main-stick-meta":"","header-below-stick-meta":"","astra-migrate-meta-layouts":"default","ast-page-background-enabled":"default","ast-page-background-meta":{"desktop":{"background-color":"","background-image":"","background-repeat":"repeat","background-position":"center center","background-size":"auto","background-attachment":"scroll","background-type":"","background-media":"","overlay-type":"","overlay-color":"","overlay-gradient":""},"tablet":{"background-color":"","background-image":"","background-repeat":"repeat","background-position":"center center","background-size":"auto","background-attachment":"scroll","background-type":"","background-media":"","overlay-type":"","overlay-color":"","overlay-gradient":""},"mobile":{"background-color":"","background-image":"","background-repeat":"repeat","background-position":"center center","background-size":"auto","background-attachment":"scroll","background-type":"","background-media":"","overlay-type":"","overlay-color":"","overlay-gradient":""}},"ast-content-background-meta":{"desktop":{"background-color":"var(--ast-global-color-5)","background-image":"","background-repeat":"repeat","background-position":"center center","background-size":"auto","background-attachment":"scroll","background-type":"","background-media":"","overlay-type":"","overlay-color":"","overlay-gradient":""},"tablet":{"background-color":"var(--ast-global-color-5)","background-image":"","background-repeat":"repeat","background-position":"center center","background-size":"auto","background-attachment":"scroll","background-type":"","background-media":"","overlay-type":"","overlay-color":"","overlay-gradient":""},"mobile":{"background-color":"var(--ast-global-color-5)","background-image":"","background-repeat":"repeat","background-position":"center center","background-size":"auto","background-attachment":"scroll","background-type":"","background-media":"","overlay-type":"","overlay-color":"","overlay-gradient":""}},"footnotes":""},"yoast_head":"<!-- This site is optimized with the Yoast SEO plugin v21.8.1 - https:\/\/yoast.com\/wordpress\/plugins\/seo\/ -->\n<title>GYIK \u00e9s H\u00e1zirend - Castle Residence Balaton<\/title>\n<meta name=\"description\" content=\"Castle Residence Balaton, foglald le te is a sz\u00e1ll\u00e1sodat Balatonf\u00f6ldv\u00e1ron nyugodt csal\u00e1dias k\u00f6rnyezetben pihenhetsz csal\u00e1doddal, bar\u00e1taiddal.\" \/>\n<meta name=\"robots\" content=\"index, follow, max-snippet:-1, max-image-preview:large, max-video-preview:-1\" \/>\n<link rel=\"canonical\" href=\"https:\/\/castleresidencebalaton.hu\/de\/gyik\/\" \/>\n<meta property=\"og:locale\" content=\"de_DE\" \/>\n<meta property=\"og:type\" content=\"article\" \/>\n<meta property=\"og:title\" content=\"GYIK CRB Panzi\u00f3\" \/>\n<meta property=\"og:description\" content=\"Castle Residence Balaton, foglald le te is a sz\u00e1ll\u00e1sodat Balatonf\u00f6ldv\u00e1ron nyugodt csal\u00e1dias k\u00f6rnyezetben pihenhetsz csal\u00e1doddal, bar\u00e1taiddal.\" \/>\n<meta property=\"og:url\" content=\"https:\/\/castleresidencebalaton.hu\/de\/gyik\/\" \/>\n<meta property=\"og:site_name\" content=\"Castle Residence Balaton\" \/>\n<meta property=\"article:publisher\" content=\"https:\/\/www.facebook.com\/profile.php?id=100070423646062\" \/>\n<meta property=\"article:modified_time\" content=\"2024-02-22T08:33:54+00:00\" \/>\n<meta property=\"og:image\" content=\"https:\/\/castleresidencebalaton.hu\/wp-content\/uploads\/2022\/12\/castle-residence-balaton_mini.png\" \/>\n\t<meta property=\"og:image:width\" content=\"622\" \/>\n\t<meta property=\"og:image:height\" content=\"623\" \/>\n\t<meta property=\"og:image:type\" content=\"image\/png\" \/>\n<meta name=\"twitter:card\" content=\"summary_large_image\" \/>\n<meta name=\"twitter:label1\" content=\"Gesch\u00e4tzte Lesezeit\" \/>\n\t<meta name=\"twitter:data1\" content=\"8\u00a0Minuten\" \/>\n<script type=\"application\/ld+json\" class=\"yoast-schema-graph\">{\"@context\":\"https:\/\/schema.org\",\"@graph\":[{\"@type\":\"WebPage\",\"@id\":\"https:\/\/castleresidencebalaton.hu\/gyik\/\",\"url\":\"https:\/\/castleresidencebalaton.hu\/gyik\/\",\"name\":\"GYIK \u00e9s H\u00e1zirend - Castle Residence Balaton\",\"isPartOf\":{\"@id\":\"https:\/\/castleresidencebalaton.hu\/#website\"},\"datePublished\":\"2023-01-25T12:21:58+00:00\",\"dateModified\":\"2024-02-22T08:33:54+00:00\",\"description\":\"Castle Residence Balaton, foglald le te is a sz\u00e1ll\u00e1sodat Balatonf\u00f6ldv\u00e1ron nyugodt csal\u00e1dias k\u00f6rnyezetben pihenhetsz csal\u00e1doddal, bar\u00e1taiddal.\",\"breadcrumb\":{\"@id\":\"https:\/\/castleresidencebalaton.hu\/gyik\/#breadcrumb\"},\"inLanguage\":\"de\",\"potentialAction\":[{\"@type\":\"ReadAction\",\"target\":[\"https:\/\/castleresidencebalaton.hu\/gyik\/\"]}]},{\"@type\":\"BreadcrumbList\",\"@id\":\"https:\/\/castleresidencebalaton.hu\/gyik\/#breadcrumb\",\"itemListElement\":[{\"@type\":\"ListItem\",\"position\":1,\"name\":\"Kezd\u0151lap\",\"item\":\"https:\/\/castleresidencebalaton.hu\/\"},{\"@type\":\"ListItem\",\"position\":2,\"name\":\"GYIK \u00e9s H\u00e1zirend\"}]},{\"@type\":\"WebSite\",\"@id\":\"https:\/\/castleresidencebalaton.hu\/#website\",\"url\":\"https:\/\/castleresidencebalaton.hu\/\",\"name\":\"Castle Residence Balaton\",\"description\":\"Panzi\u00f3 b\u00e9rl\u00e9s a Balatonn\u00e1l\",\"publisher\":{\"@id\":\"https:\/\/castleresidencebalaton.hu\/#organization\"},\"alternateName\":\"Balaton Panzi\u00f3 foglal\u00e1s\",\"potentialAction\":[{\"@type\":\"SearchAction\",\"target\":{\"@type\":\"EntryPoint\",\"urlTemplate\":\"https:\/\/castleresidencebalaton.hu\/?s={search_term_string}\"},\"query-input\":\"required name=search_term_string\"}],\"inLanguage\":\"de\"},{\"@type\":\"Organization\",\"@id\":\"https:\/\/castleresidencebalaton.hu\/#organization\",\"name\":\"Castle Residence Balaton\",\"alternateName\":\"Balaton Panzi\u00f3 foglal\u00e1s\",\"url\":\"https:\/\/castleresidencebalaton.hu\/\",\"logo\":{\"@type\":\"ImageObject\",\"inLanguage\":\"de\",\"@id\":\"https:\/\/castleresidencebalaton.hu\/#\/schema\/logo\/image\/\",\"url\":\"https:\/\/castleresidencebalaton.hu\/wp-content\/uploads\/2022\/12\/castle-residence-balaton_mini.png\",\"contentUrl\":\"https:\/\/castleresidencebalaton.hu\/wp-content\/uploads\/2022\/12\/castle-residence-balaton_mini.png\",\"width\":622,\"height\":623,\"caption\":\"Castle Residence Balaton\"},\"image\":{\"@id\":\"https:\/\/castleresidencebalaton.hu\/#\/schema\/logo\/image\/\"},\"sameAs\":[\"https:\/\/www.facebook.com\/profile.php?id=100070423646062\",\"https:\/\/www.instagram.com\/castleresidence\/?fbclid=IwAR2G5-3yDXiDVrzB7iZ8N0Rer5fUnEH2ADBj0oMXb9jbCbsZ5h55nK2N6KI\"]}]}<\/script>\n<!-- \/ Yoast SEO plugin. -->","yoast_head_json":{"title":"GYIK \u00e9s H\u00e1zirend - Castle Residence Balaton","description":"Castle Residence Balaton, foglald le te is a sz\u00e1ll\u00e1sodat Balatonf\u00f6ldv\u00e1ron nyugodt csal\u00e1dias k\u00f6rnyezetben pihenhetsz csal\u00e1doddal, bar\u00e1taiddal.","robots":{"index":"index","follow":"follow","max-snippet":"max-snippet:-1","max-image-preview":"max-image-preview:large","max-video-preview":"max-video-preview:-1"},"canonical":"https:\/\/castleresidencebalaton.hu\/de\/gyik\/","og_locale":"de_DE","og_type":"article","og_title":"GYIK CRB Panzi\u00f3","og_description":"Castle Residence Balaton, foglald le te is a sz\u00e1ll\u00e1sodat Balatonf\u00f6ldv\u00e1ron nyugodt csal\u00e1dias k\u00f6rnyezetben pihenhetsz csal\u00e1doddal, bar\u00e1taiddal.","og_url":"https:\/\/castleresidencebalaton.hu\/de\/gyik\/","og_site_name":"Castle Residence Balaton","article_publisher":"https:\/\/www.facebook.com\/profile.php?id=100070423646062","article_modified_time":"2024-02-22T08:33:54+00:00","og_image":[{"width":622,"height":623,"url":"https:\/\/castleresidencebalaton.hu\/wp-content\/uploads\/2022\/12\/castle-residence-balaton_mini.png","type":"image\/png"}],"twitter_card":"summary_large_image","twitter_misc":{"Gesch\u00e4tzte Lesezeit":"8\u00a0Minuten"},"schema":{"@context":"https:\/\/schema.org","@graph":[{"@type":"WebPage","@id":"https:\/\/castleresidencebalaton.hu\/gyik\/","url":"https:\/\/castleresidencebalaton.hu\/gyik\/","name":"GYIK \u00e9s H\u00e1zirend - Castle Residence Balaton","isPartOf":{"@id":"https:\/\/castleresidencebalaton.hu\/#website"},"datePublished":"2023-01-25T12:21:58+00:00","dateModified":"2024-02-22T08:33:54+00:00","description":"Castle Residence Balaton, foglald le te is a sz\u00e1ll\u00e1sodat Balatonf\u00f6ldv\u00e1ron nyugodt csal\u00e1dias k\u00f6rnyezetben pihenhetsz csal\u00e1doddal, bar\u00e1taiddal.","breadcrumb":{"@id":"https:\/\/castleresidencebalaton.hu\/gyik\/#breadcrumb"},"inLanguage":"de","potentialAction":[{"@type":"ReadAction","target":["https:\/\/castleresidencebalaton.hu\/gyik\/"]}]},{"@type":"BreadcrumbList","@id":"https:\/\/castleresidencebalaton.hu\/gyik\/#breadcrumb","itemListElement":[{"@type":"ListItem","position":1,"name":"Kezd\u0151lap","item":"https:\/\/castleresidencebalaton.hu\/"},{"@type":"ListItem","position":2,"name":"GYIK \u00e9s H\u00e1zirend"}]},{"@type":"WebSite","@id":"https:\/\/castleresidencebalaton.hu\/#website","url":"https:\/\/castleresidencebalaton.hu\/","name":"Castle Residence Balaton","description":"Panzi\u00f3 b\u00e9rl\u00e9s a Balatonn\u00e1l","publisher":{"@id":"https:\/\/castleresidencebalaton.hu\/#organization"},"alternateName":"Balaton Panzi\u00f3 foglal\u00e1s","potentialAction":[{"@type":"SearchAction","target":{"@type":"EntryPoint","urlTemplate":"https:\/\/castleresidencebalaton.hu\/?s={search_term_string}"},"query-input":"required name=search_term_string"}],"inLanguage":"de"},{"@type":"Organization","@id":"https:\/\/castleresidencebalaton.hu\/#organization","name":"Castle Residence Balaton","alternateName":"Balaton Panzi\u00f3 foglal\u00e1s","url":"https:\/\/castleresidencebalaton.hu\/","logo":{"@type":"ImageObject","inLanguage":"de","@id":"https:\/\/castleresidencebalaton.hu\/#\/schema\/logo\/image\/","url":"https:\/\/castleresidencebalaton.hu\/wp-content\/uploads\/2022\/12\/castle-residence-balaton_mini.png","contentUrl":"https:\/\/castleresidencebalaton.hu\/wp-content\/uploads\/2022\/12\/castle-residence-balaton_mini.png","width":622,"height":623,"caption":"Castle Residence Balaton"},"image":{"@id":"https:\/\/castleresidencebalaton.hu\/#\/schema\/logo\/image\/"},"sameAs":["https:\/\/www.facebook.com\/profile.php?id=100070423646062","https:\/\/www.instagram.com\/castleresidence\/?fbclid=IwAR2G5-3yDXiDVrzB7iZ8N0Rer5fUnEH2ADBj0oMXb9jbCbsZ5h55nK2N6KI"]}]}},"_links":{"self":[{"href":"https:\/\/castleresidencebalaton.hu\/de\/wp-json\/wp\/v2\/pages\/1394"}],"collection":[{"href":"https:\/\/castleresidencebalaton.hu\/de\/wp-json\/wp\/v2\/pages"}],"about":[{"href":"https:\/\/castleresidencebalaton.hu\/de\/wp-json\/wp\/v2\/types\/page"}],"author":[{"embeddable":true,"href":"https:\/\/castleresidencebalaton.hu\/de\/wp-json\/wp\/v2\/users\/1"}],"replies":[{"embeddable":true,"href":"https:\/\/castleresidencebalaton.hu\/de\/wp-json\/wp\/v2\/comments?post=1394"}],"version-history":[{"count":68,"href":"https:\/\/castleresidencebalaton.hu\/de\/wp-json\/wp\/v2\/pages\/1394\/revisions"}],"predecessor-version":[{"id":1810,"href":"https:\/\/castleresidencebalaton.hu\/de\/wp-json\/wp\/v2\/pages\/1394\/revisions\/1810"}],"wp:featuredmedia":[{"embeddable":true,"href":"https:\/\/castleresidencebalaton.hu\/de\/wp-json\/wp\/v2\/media\/6"}],"wp:attachment":[{"href":"https:\/\/castleresidencebalaton.hu\/de\/wp-json\/wp\/v2\/media?parent=1394"}],"curies":[{"name":"wp","href":"https:\/\/api.w.org\/{rel}","templated":true}]}}